{"id":318,"date":"2023-09-21T12:33:20","date_gmt":"2023-09-21T10:33:20","guid":{"rendered":"http:\/\/skrav.fr\/angenea-wp\/?page_id=318"},"modified":"2024-02-03T11:07:44","modified_gmt":"2024-02-03T10:07:44","slug":"climat-et-epidemies","status":"publish","type":"page","link":"http:\/\/skrav.fr\/angenea-wp\/climat-et-epidemies\/","title":{"rendered":"Climat et \u00e9pid\u00e9mies"},"content":{"rendered":"\n<div class=\"courant\">\n<table border=\"0\" cellpadding=\"0\" cellspacing=\"0\" width=\"100%\" align=\"center\"><tbody><tr><td>\n\n<!--ACTUA23|||||||||||||||||||||||-->\n<p align=\"center\">&nbsp;<\/p>\n<table border=\"1\" align=\"center\">\n<tbody>\n<tr>\n<td width=\"971\">\n<table border=\"1\">\n<tbody>\n<tr>\n<td width=\"961\">\n<table border=\"1\">\n<tbody>\n<tr>\n<td width=\"951\">\n<table border=\"1\">\n<tbody>\n<tr>\n<td width=\"941\">\n<p align=\"center\"><b><font color=\"black\" face=\"Palace Script MT\"><span style=\"FONT-SIZE: 36pt\">Epid\u00e9mies et famines en France<\/span><\/font><\/b><\/p><\/td><\/tr><\/tbody><\/table><\/td><\/tr><\/tbody><\/table><\/td><\/tr><\/tbody><\/table><\/td><\/tr><\/tbody><\/table>\n<p align=\"center\">&nbsp;<\/p>\n<p align=\"center\">&nbsp;<font color=\"black\" face=\"Imprint MT Shadow\"><span style=\"FONT-SIZE: 25pt\">XVI \u00e8me si\u00e8cle<\/span><\/font><\/p>\n<div align=\"left\">\n<table border=\"1\">\n<tbody>\n<tr>\n<td width=\"319\">\n<p align=\"left\"><b><span style=\"FONT-SIZE: 16pt\"><font size=\"5\">1500 \u00e0 1509<\/font><\/span><\/b><\/p><\/td>\n<td width=\"319\">\n<p><b><font size=\"2\">&nbsp;1507-1508 : hiver rigoureux dans le Midi.<br>1504 -1504 : <\/font><\/b><font color=\"black\" size=\"2\"><b>Cet \u00e9t\u00e9 a \u00e9t\u00e9 chaud et sec <br>1504 &#8211; 1505 : Hiver tr\u00e8s doux tout l&rsquo;hiver : la rose fleurit en 01\/1505 <br>1506 &#8211; 1507 : <\/b><\/font><b><font color=\"black\" size=\"2\">Hiver tr\u00e8s vigoureux <\/font><\/b><\/p><\/td>\n<td width=\"319\">\n<p><b><font size=\"2\">&nbsp;1500 et 1501 : \u00c9pid\u00e9mie de peste en Bretagne.<\/font><\/b><\/p><\/td><\/tr><\/tbody><\/table><\/div>\n<table border=\"1\">\n<tbody>\n<tr>\n<td width=\"319\">\n<p><font size=\"5\"><span style=\"FONT-SIZE: 16pt\">1510 <strong>\u00e0<\/strong><\/span> 1519<\/font><\/p><\/td>\n<td valign=\"top\" width=\"319\">\n<p><b><font color=\"black\" size=\"2\">Pendant l&rsquo;hiver de 1512-1513, en Belgigue, les eaux de la Meuse se transform\u00e8rent en une route solide et polie<br>1513 &#8211; 1514 <\/font><\/b><font color=\"black\" size=\"2\"><b>On compta dans le Nord et l&rsquo;Est 12 semaines de fortes gel\u00e9es<br>1516 &#8211; 1517 : <\/b><\/font><b><font color=\"black\" size=\"2\">Hiver rude<br>1517 &#8211; 1518 : 23\/03\/1518 0.50 pieds de neige \u00e0 B\u00e9ziers<\/font><\/b><\/p><\/td>\n<td width=\"319\"><b><font size=\"2\">1515 : Famine Poitou, Aquitaine et Auvergne.<\/font><\/b><\/td><\/tr><\/tbody><\/table>\n<table border=\"1\">\n<tbody>\n<tr>\n<td height=\"149\" width=\"319\">\n<p><font size=\"5\"><span style=\"FONT-SIZE: 16pt\">1520 <strong>\u00e0<\/strong><\/span> 1529<\/font><\/p><\/td>\n<td height=\"149\" valign=\"top\" width=\"319\">\n<p><b><font color=\"black\" size=\"2\">Hiver doux avant No\u00ebl. Mais des le 15\/01\/1523 l&rsquo;hiver devient tr\u00e8s rude <br>1523 &#8211; 1524 : Du 17 au 20\/11\/1523 il y a eu des gel\u00e9es. Hiver froid<br>1524 &#8211; 1525 : <\/font><\/b><font color=\"black\" size=\"2\"><b>hiver doux en Belgique<\/b><\/font><b><font color=\"black\" size=\"2\">&nbsp;<br>1526 &#8211; 1527 : &nbsp; Hiver froid, le 23\/03\/1527 gel\u00e9e dans le Midi de la France<\/font><\/b><\/p><\/td>\n<td height=\"149\" width=\"319\"><b><font size=\"2\">1521 : Famine en Ile-de-France.<br>&nbsp;1529 \u00e0 1531 : C\u00e9r\u00e9ales hors de prix, notamment dans le Lyonnais.<br>&nbsp;<\/font><\/b><font size=\"2\"><b>Epid\u00e9mie de peste en 1522, 1523, 1529<br>&nbsp;Famine \u00e0 Nantes<\/b><\/font><\/td><\/tr><\/tbody><\/table>\n<table border=\"1\" width=\"757\">\n<tbody>\n<tr>\n<td width=\"242\">\n<p><span style=\"FONT-SIZE: 16pt\"><font size=\"5\">1530 <strong>\u00e0 1539<\/strong><\/font><\/span><\/p><\/td>\n<td width=\"238\"><b><font size=\"2\">L&rsquo;hiver 1534-1535 rude dans le Massif <br>Central<\/font><\/b><font size=\"2\">.<br><\/font><font color=\"black\" size=\"2\"><b>1535 &#8211; 1536 : <\/b><\/font><b><font color=\"black\" size=\"2\">En 1536 les grandes chaleurs sevirent en Bretagne d\u00e8s le Printemps<\/font><\/b><\/td>\n<td width=\"255\"><b><font size=\"2\">1531-1532 : Peste en Bretagne.<\/font><\/b><\/td><\/tr><\/tbody><\/table>\n<table border=\"1\">\n<tbody>\n<tr>\n<td width=\"319\">\n<p><span style=\"FONT-SIZE: 16pt\"><font size=\"5\">1540 <strong>\u00e0 1549<\/strong><\/font><\/span><\/p><\/td>\n<td valign=\"top\" width=\"319\"><b><font size=\"2\">1539 &#8211; 1540 : <\/font><font color=\"black\" size=\"2\">Le 23\/03\/1540 il a neig\u00e9 \u00e0 Montpellier et gel\u00e9e (les raisins ont \u00e9t\u00e9 perdus)<\/font><font size=\"2\"><br>L&rsquo;hiver 1543-1544 fut si rigoureux en Bretagne que la plupart des plantes gel\u00e8rent jusqu&rsquo;\u00e0 la racine.<br><\/font><font color=\"black\" size=\"2\">L&rsquo;\u00e9t\u00e9 1540 a \u00e9t\u00e9 tr\u00e8s chaud. <\/font><\/b><font size=\"2\"><b>On a moissonn\u00e9 en juin aussi bien en Bretagne que dans la Somme et en Lorraine<br><\/b><\/font><b><font color=\"black\" size=\"2\">Le 20\/12\/1542 : grosses chutes de neige : gels des vignes. Hiver rude dans le Midi de la France<br>1543 &#8211; 1544 : L\u2019hiver fut si rigoureux en Bretagne que la plupart des plantes gel\u00e8rent jusqu\u2019\u00e0 la racine. <\/font><\/b><font color=\"black\" size=\"2\"><b>\u00a0\u00bb Dans le Nord du pays, le froid fut si vif en d\u00e9cembre et au d\u00e9but de janvier qu\u2019il fallait couper le vin dans les muids \u00e0 coup de hache et le vendre au poids. La Seine gela<br>1544 &#8211; 1545 : <\/b><\/font><font color=\"black\" size=\"2\"><b>Un \u00e9t\u00e9 chaud dans le midi. <\/b><\/font><\/td>\n<td width=\"319\"><b><font size=\"2\">1544 et 1546 : Peste dans l&rsquo;ouest , en Provence et pays Lyonnais.<\/font><\/b><\/td><\/tr><\/tbody><\/table>\n<table border=\"1\">\n<tbody>\n<tr>\n<td width=\"319\">\n<p><font size=\"5\"><span style=\"FONT-SIZE: 16pt\"><font size=\"5\">1550<\/font> <strong>\u00e0<\/strong><\/span> 1559<\/font><\/p><\/td>\n<td width=\"319\"><b><font size=\"2\">L&rsquo;hiver 1552-1553 rude dans le Nord et l&rsquo;Est<br><\/font><\/b><font size=\"2\"><b>Lors du si\u00e8ge de Metz par Charles Quint, on fut oblig\u00e9 de couper les jambes \u00e0 de nombreux soldats transis par le froid.<br>1555 &#8211; 1556 : <\/b><\/font><b><font color=\"black\" size=\"2\">En 1556 l&rsquo;\u00e9t\u00e9 a eu une grande s\u00e9cheresse et une forte chaleur \u00e0 peu pr\u00e8s g\u00e9n\u00e9rales. <br><\/font><\/b><font color=\"black\" size=\"2\"><b>Le 4\/12\/1556 le Rh\u00f4ne a gel\u00e9 pr\u00e8s d&rsquo;Arles ; hiver tr\u00e8s vigoureux<br>&nbsp;<\/b><\/font><font size=\"2\"><b>Le 9\/09\/1557 il tombait une si grande pluie \u00e0 N\u00eemes, m\u00eal\u00e9e de gr\u00eale que la ville fut presque inond\u00e9e. <\/b><\/font><\/td>\n<td width=\"319\"><b><font size=\"2\">1557: L&rsquo;\u00e9pid\u00e9mie de grippe s&rsquo;est etendue du sud vers le nord de l&rsquo;Europe en 6 mois, \u00e0 partir de l&rsquo;\u00e9t\u00e9 1557.<\/font><\/b><\/td><\/tr><\/tbody><\/table>\n<table border=\"1\">\n<tbody>\n<tr>\n<td width=\"319\">\n<p><span style=\"FONT-SIZE: 16pt\">1560<strong>&nbsp;\u00e0<\/strong><\/span> 1569<\/p><\/td>\n<td valign=\"top\" width=\"319\">\n<p><b><font size=\"2\">Grand froid sur paris de fin D\u00e9cembre 1564 \u00e0<br>mi mars 1565, d\u00e9cembre 1568, toutes les rivi\u00e8res de France sont prises par les glaces<br>1567 &#8211; 1568 : <\/font><font color=\"black\" size=\"2\">hivers doux<br>1568 &#8211; 1569 : <\/font><\/b><font color=\"black\" size=\"2\"><b>Hiver tr\u00e8s rude, en d\u00e9cembre le Rh\u00f4ne et toutes les rivi\u00e8res de France furent g\u00e8le<\/b><\/font><\/p><\/td>\n<td width=\"319\"><b><font size=\"2\">1562 : Peste noire ; 25 000 morts \u00e0 Paris.<br>1563 : \u00c9pid\u00e9mie de peste Bassin parisien, Poitou et en Anjou.<br>1564 : Peste dans le pays Lyonnais.<br>1565 \u00e0 1567 : Disette dans toute la France<\/font><\/b><\/td><\/tr><\/tbody><\/table>\n<table border=\"1\">\n<tbody>\n<tr>\n<td width=\"319\">\n<p><span style=\"FONT-SIZE: 16pt\">1570 <strong>\u00e0 1579<\/strong><\/span><\/p><\/td>\n<td valign=\"top\" width=\"319\">\n<p>&nbsp;<b><font color=\"black\" size=\"2\">Hiver rude en 01\/1570<br>Hiver tr\u00e8s vigoureux, le Rh\u00f4ne g\u00e8le de la fin de novembre 1570 \u00e0 la fin de f\u00e9vrier 1571<br>1571 &#8211; 1572 : Hiver rude les oliviers g\u00e8lent<br>1572 &#8211; 1573 : Hiver tr\u00e8s rude, de novembre \u00e0 d\u00e9but janvier le Rh\u00f4ne g\u00e8le et la neige tomba en abondance<br>1574 &#8211; 1575 : En 1575 il y a eu une grande s\u00e9cheresse dans le bassin de la Sa\u00f4ne. <\/font><\/b><font size=\"2\"><b>Dans le Vend\u00f4mois, il n&rsquo;a plut de la Saint-Jean jusqu&rsquo;\u00e0 la Toussaint et il fit toujours chaud.<\/b><\/font><\/p><\/td>\n<td width=\"319\"><b><font size=\"2\">1578 : Peste noire ; dysenterie en Ile-de-France.<\/font><\/b><\/td><\/tr><\/tbody><\/table>\n<table border=\"1\">\n<tbody>\n<tr>\n<td width=\"319\">\n<p><span style=\"FONT-SIZE: 16pt\">1580 <strong>\u00e0 1589<\/strong><\/span><\/p><\/td>\n<td valign=\"top\" width=\"319\">\n<p><b><font color=\"black\" size=\"2\">1580 &#8211; 1581 : Hiver rude, il y a eu beaucoup de neige fin d\u00e9cembre 1580 dans le Midi de la France<br>1582 &#8211; 1583 : Hiver froid, du 3 au 13\/02\/1583 beaucoude neige dans le Midi de la France<br>1583 &#8211; 1584 :Hiver rude les oliviers gela. Le Havre a Gel\u00e9.<br>1584 &#8211; 1585 : l&rsquo;hivers 1584-1585 fut le plus doux du XVI\u00e8me si\u00e8cle en Belgique.<br>1586 &#8211; 1587 : Hiver rude avec beaucoup de neige, les oliviers g\u00e8lent<br><\/font><\/b><\/p><\/td>\n<td width=\"319\"><b><font size=\"2\">1580 : Peste \u00e0 Paris et Melun.<br>1582 : Famine en Ile-de-France.<br>1582 \u00e0 1584 :l&rsquo;Ouest est contamin\u00e9 par la peste.<br>1586 et 1587 : Famine en Ile-de-France, Normandie, Val de Loire et pays Lyonnais.<br><\/font><\/b><\/td><\/tr><\/tbody><\/table>\n<table border=\"1\">\n<tbody>\n<tr>\n<td width=\"319\">\n<p><span style=\"FONT-SIZE: 16pt\">1590 <strong>\u00e0 1599<\/strong><\/span><\/p><\/td>\n<td valign=\"top\" width=\"319\"><b><font size=\"2\">1<\/font><font color=\"black\" size=\"2\">589 &#8211; 1590 : <\/font><font color=\"black\" size=\"2\">Hiver tr\u00e8s vigoureux<br>1590 : Hiver long et rude<\/font><font size=\"2\"><br>Hiver rude du d\u00e9but d\u00e9cembre 1594 jusqu&rsquo;\u00e0 la mi-janvier 1595.<br>Reprise d&rsquo;une vague de&nbsp;froid le 13 avril aussi rude<br>quand d\u00e9cembre<br>1596 &#8211; 1597 : <\/font><font size=\"-1\">29\/12\/1596 : la Seine en crue a emport\u00e9 le Pont aux Meniers de Paris et fait 500 fictimes et beaucoup de d\u00e9gats.<br>&nbsp;<\/font><\/b><font size=\"2\"><b>En 1599 Paris a connu une inondation importante.<br>&nbsp;1598 &#8211; 1599 : Cette ann\u00e9e les pluies furent si incessantes et si fortes que, les rivi\u00e8res et les ruisseaux ayant d\u00e9bord\u00e9, on ne pouvait s&rsquo;approcher de la ville de Toulouse<\/b><\/font><\/td>\n<td width=\"319\"><b><font size=\"2\">1589 et 1590 : famine qui fait 45 000 morts \u00e0 cause du si\u00e8ge de Paris par les troupes d&rsquo;Henri IV. <br>1595 \u00e0 1598 : disette.<br>1596 et 1597: \u00c9pid\u00e9mie de peste en Bretagne.<br>1598 &#8211; 1599 : <\/font><\/b><font size=\"2\"><b>en 2 ans 510 d\u00e9c\u00e8s dus \u00e0 la peste sur la commune de Plouescat<\/b><\/font><b><br><\/b><\/td><\/tr><\/tbody><\/table>\n<table border=\"1\">\n<tbody>\n<tr>\n<td width=\"319\">\n<p><font size=\"6\">1600<\/font><\/p><\/td>\n<td valign=\"top\" width=\"319\">\n<p><b><font color=\"blue\" size=\"2\">du 11\/1599 \u00e0 03\/1600 l&rsquo;hiver a \u00e9t\u00e9 rude et les olivers sont morts<\/font><\/b><\/p><\/td>\n<td width=\"319\"><b><font size=\"2\">\u00c9pid\u00e9mie de peste<\/font><\/b><\/td><\/tr><\/tbody><\/table>\n<p>&nbsp;<\/p>\n<p align=\"center\"><font color=\"blue\" face=\"Imprint MT Shadow\"><span style=\"FONT-SIZE: 22pt\">XVII \u00e8me si\u00e8cle<\/span><\/font><\/p>\n<table border=\"1\">\n<tbody>\n<tr>\n<td width=\"319\">\n<p><font size=\"5\">1601<\/font><\/p><\/td>\n<td width=\"319\">&nbsp; <\/td>\n<td width=\"319\"><b><font size=\"2\">\u00c9pid\u00e9mie de peste<\/font><\/b><\/td><\/tr><\/tbody><\/table>\n<table border=\"1\">\n<tbody>\n<tr>\n<td width=\"319\">\n<p><font size=\"5\">1602<\/font><\/p><\/td>\n<td valign=\"top\" width=\"319\">\n<p><b><font color=\"black\" size=\"2\">Le mois de f\u00e9vrier 1603 a \u00e9t\u00e9 rude, le Rh\u00f4ne g\u00e8la. 1603 &#8211; <i>\u00a0\u00bb En 1603, au mois de janvier et f\u00e9vrier, la Garonne fut glac\u00e9e et plusieurs vaisseaux qui n&rsquo;avaient pas pris assez de pr\u00e9cautions furent enfoncez. <\/i><\/font><\/b><\/p><\/td>\n<td width=\"319\"><b><font size=\"2\">\u00c9pid\u00e9mie de peste<\/font><\/b><\/td><\/tr><\/tbody><\/table>\n<table border=\"1\">\n<tbody>\n<tr>\n<td width=\"319\">\n<p><font size=\"5\">1603<\/font><\/p><\/td>\n<td width=\"319\">\n<p>&nbsp;<\/p><\/td>\n<td width=\"319\"><b><font size=\"2\">\u00c9pid\u00e9mie de peste<\/font><\/b><\/td><\/tr><\/tbody><\/table>\n<table border=\"1\">\n<tbody>\n<tr>\n<td width=\"319\">\n<p><font size=\"5\">1604<\/font><\/p><\/td>\n<td width=\"319\">\n<p>&nbsp;<b>\u00c9t\u00e9 particuli\u00e8rement dur avec la canicule.<\/b><\/p><\/td>\n<td width=\"319\">\n<p>&nbsp;<b><font size=\"2\">\u00c9pid\u00e9mie de peste<\/font><\/b><\/p><\/td><\/tr><\/tbody><\/table>\n<table border=\"1\">\n<tbody>\n<tr>\n<td width=\"319\">\n<p><font size=\"5\">1605<\/font><\/p><\/td>\n<td width=\"319\">\n<p><b>\u00c9t\u00e9 particuli\u00e8rement dur avec la canicule.<\/b><\/p><\/td>\n<td width=\"319\">\n<p><b><font size=\"2\">\u00c9pid\u00e9mie de peste<br>&nbsp;<\/font><\/b><font size=\"2\"><b>Mesures de pr\u00e9vention de la peste \u00e0 Rennes, concernant principalement les immondices de la ville, et les mendiants.<\/b><\/font><\/p><\/td><\/tr><\/tbody><\/table>\n<table border=\"1\">\n<tbody>\n<tr>\n<td width=\"319\">\n<p><font size=\"5\">1606<\/font><\/p><\/td>\n<td width=\"319\">\n<p><font size=\"5\"><\/font>&nbsp;<\/p><\/td>\n<td width=\"319\"><b><font size=\"5\">\u00c9pid\u00e9mie de peste noire <\/font><\/b><\/td><\/tr><\/tbody><\/table>\n<table border=\"1\">\n<tbody>\n<tr>\n<td width=\"319\">\n<p><font size=\"5\">1607<\/font><\/p><\/td>\n<td width=\"319\"><b><font size=\"2\">1607-1608 hiver glacial, <\/font><\/b><font size=\"2\"><b>Appel\u00e9 longtemps le grand hiver,<\/b><\/font><\/td>\n<td width=\"319\"><b><font size=\"2\">\u00c9pid\u00e9mie de peste<\/font><\/b><\/td><\/tr><\/tbody><\/table>\n<table border=\"1\" width=\"755\">\n<tbody>\n<tr>\n<td width=\"240\">\n<p><font size=\"5\">1608<\/font><\/p><\/td>\n<td valign=\"top\" width=\"255\">\n<p><font size=\"2\"><b>&nbsp;10\/01\/1608, le vin gela dans le calice \u00e0 l\u2019\u00e9glise Saint Andr\u00e9 des arts de Paris<br><\/b><\/font><font color=\"black\" size=\"2\"><b>22\/12\/1608 : en Beauce, la neige a recouv\u00e8re le sol et aurait tenu jusqu&rsquo;aux derniers jours de mars.<\/b><\/font><\/p><\/td>\n<td width=\"238\"><b><font size=\"2\">\u00c9pid\u00e9mie de peste<\/font><\/b><\/td><\/tr><\/tbody><\/table>\n<table border=\"1\">\n<tbody>\n<tr>\n<td width=\"319\">\n<p><font size=\"5\">1609<\/font><\/p><\/td>\n<td width=\"319\">\n<p>&nbsp;<\/p><\/td>\n<td width=\"319\"><b><font size=\"2\">\u00c9pid\u00e9mie de peste<\/font><\/b><\/td><\/tr><\/tbody><\/table>\n<table border=\"1\">\n<tbody>\n<tr>\n<td width=\"319\">\n<p><font size=\"5\">1610<\/font><\/p><\/td>\n<td width=\"319\">\n<p>&nbsp;<\/p><\/td>\n<td width=\"319\"><b><font size=\"2\">\u00c9pid\u00e9mie de peste<\/font><\/b><\/td><\/tr><\/tbody><\/table>\n<table border=\"1\">\n<tbody>\n<tr>\n<td width=\"319\">\n<p>1611<\/p><\/td>\n<td width=\"319\">\n<p>&nbsp;<\/p><\/td>\n<td width=\"319\"><b><font size=\"2\">\u00c9pid\u00e9mie de peste<\/font><\/b><\/td><\/tr><\/tbody><\/table>\n<table border=\"1\">\n<tbody>\n<tr>\n<td width=\"319\">\n<p>1612<\/p><\/td>\n<td width=\"319\">\n<p><b><font size=\"2\">\u00c9t\u00e9 particuli\u00e8rement dur avec la canicule.<\/font><\/b><\/p><\/td>\n<td width=\"319\"><b><font size=\"2\">\u00c9pid\u00e9mie de peste<\/font><\/b><\/td><\/tr><\/tbody><\/table>\n<table border=\"1\">\n<tbody>\n<tr>\n<td width=\"319\">\n<p>1613<\/p><\/td>\n<td width=\"319\">\n<p>&nbsp;<\/p><\/td>\n<td width=\"319\"><b><font size=\"2\">\u00c9pid\u00e9mie de peste<\/font><\/b><\/td><\/tr><\/tbody><\/table>\n<table border=\"1\">\n<tbody>\n<tr>\n<td width=\"319\">\n<p>1614<\/p><\/td>\n<td width=\"319\">\n<p>&nbsp;<b><font color=\"black\" size=\"2\">Cet hiver fut doux en Belgique<\/font><\/b><\/p><\/td>\n<td width=\"319\"><b><font size=\"2\">\u00c9pid\u00e9mie de peste<\/font><\/b><\/td><\/tr><\/tbody><\/table>\n<table border=\"1\">\n<tbody>\n<tr>\n<td width=\"319\">\n<p>1615<\/p><\/td>\n<td valign=\"top\" width=\"319\"><b><font size=\"2\">\u00c9t\u00e9 caniculaire.<br>Hiver 1615-1616 glacial<\/font><\/b><\/td>\n<td width=\"319\"><b><font size=\"2\">\u00c9pid\u00e9mie de peste<\/font><\/b><\/td><\/tr><\/tbody><\/table>\n<table border=\"1\">\n<tbody>\n<tr>\n<td width=\"319\">\n<p>1616<\/p><\/td>\n<td valign=\"top\" width=\"319\">\n<p><font color=\"black\" size=\"2\"><b>En cet hiver, l\u2019intensit\u00e9 du froid fut telle qu&rsquo;\u00e0 Paris, la Seine fut gel\u00e9e du 1 au 30\/01\/1616<br>&nbsp;<\/b><\/font><font size=\"2\"><b><font color=\"#000000\">25\/07\/1616 : le Furan a d\u00e9bord\u00e9, tous les moulins sont emport\u00e9s entre Saint Etienne et La Fouillouse.<\/font><\/b><\/font><\/p><\/td>\n<td width=\"319\"><b><font size=\"2\">\u00c9pid\u00e9mie de peste<\/font><\/b><\/td><\/tr><\/tbody><\/table>\n<table border=\"1\">\n<tbody>\n<tr>\n<td width=\"319\">\n<p>1617<\/p><\/td>\n<td width=\"319\">\n<p>&nbsp;<\/p><\/td>\n<td width=\"319\">\n<p>&nbsp;<\/p><\/td><\/tr><\/tbody><\/table>\n<table border=\"1\">\n<tbody>\n<tr>\n<td width=\"319\">\n<p>1618<\/p><\/td>\n<td width=\"319\">\n<p>&nbsp;<b><font color=\"black\" size=\"2\">Cet hiver fut doux en Belgique<\/font><\/b><\/p><\/td>\n<td width=\"319\">\n<p>&nbsp;<\/p><\/td><\/tr><\/tbody><\/table>\n<table border=\"1\">\n<tbody>\n<tr>\n<td width=\"319\">\n<p>1619<\/p><\/td>\n<td width=\"319\">\n<p><b><font size=\"2\">\u00c9t\u00e9 particuli\u00e8rement dur avec la canicule.<\/font><\/b><\/p><\/td>\n<td width=\"319\">\n<p>&nbsp;<\/p><\/td><\/tr><\/tbody><\/table>\n<table border=\"1\">\n<tbody>\n<tr>\n<td width=\"319\">\n<p>1620<\/p><\/td>\n<td valign=\"top\" width=\"319\"><b><font size=\"2\">Hiver 1620-1621 glacial et tr\u00e8s long<br>Gel\u00e9es particuli\u00e8rement rudes de fin de janvier \u00e0 la fin f\u00e9vrier<\/font><\/b><\/td>\n<td width=\"319\">\n<p>&nbsp;<\/p><\/td><\/tr><\/tbody><\/table>\n<table border=\"1\">\n<tbody>\n<tr>\n<td width=\"319\">\n<p>1621<\/p><\/td>\n<td width=\"319\">\n<p>&nbsp;<font size=\"2\"><b>En ce dernier moisd&rsquo;hiver , la mer fut pris par les glaces \u00e0 Dunkerque. Le port de Calais fut gel\u00e9, de m\u00eame que l\u2019Escaut. Le froid fut \u00e9galement tr\u00e8s vifs en Provence<\/b><\/font><\/p><\/td>\n<td width=\"319\"><b><font size=\"2\">Famine<\/font><\/b><\/td><\/tr><\/tbody><\/table>\n<table border=\"1\">\n<tbody>\n<tr>\n<td width=\"319\">\n<p>1622<\/p><\/td>\n<td width=\"319\"><b><font color=\"black\" size=\"2\">Cet hiver fut rude et long en Belgique.<br>\u00c9t\u00e9 particuli\u00e8rement dur avec la canicule.<\/font><\/b> <\/td>\n<td width=\"319\"><font size=\"2\">&nbsp;<\/font><\/td><\/tr><\/tbody><\/table>\n<table border=\"1\">\n<tbody>\n<tr>\n<td width=\"319\">\n<p>1623<\/p><\/td>\n<td width=\"319\">\n<p><b>\u00c9t\u00e9 particuli\u00e8rement dur avec la canicule.<\/b><\/p><\/td>\n<td width=\"319\">\n<p>&nbsp;<\/p><\/td><\/tr><\/tbody><\/table>\n<table border=\"1\">\n<tbody>\n<tr>\n<td width=\"319\">\n<p>1624<\/p><\/td>\n<td valign=\"top\" width=\"319\">\n<p>&nbsp;<font color=\"black\" size=\"2\"><b>1623 &#8211; 1624 : Cet hiver a \u00e9t\u00e9 vigoureux : <\/b><\/font><\/p><\/td>\n<td valign=\"top\" width=\"319\">\n<p><b><font size=\"2\">&nbsp;<\/font><\/b><font size=\"2\"><b>Dispositions pr\u00e9cises pour emp\u00eacher I&rsquo;entr\u00e9e \u00e0 Rennes d&rsquo;habitants des paroisses afflig\u00e9es par la peste.<br>&nbsp;1624 : <\/b><\/font><b><font size=\"2\">\u00c9pid\u00e9mies de peste autour de Morlaix<\/font><\/b><\/p><\/td><\/tr><\/tbody><\/table>\n<table border=\"1\">\n<tbody>\n<tr>\n<td width=\"319\">\n<p>1625<\/p><\/td>\n<td width=\"319\">\n<p>&nbsp;<\/p><\/td>\n<td valign=\"top\" width=\"319\">\n<p><font size=\"2\"><b>Prohibition en particulier \u201e I&rsquo;intention des habitants de Morlais et de Saint Malo, du commerce de marchandises provenant de Londres, en raison de la peste.<\/b><\/font><\/p><\/td><\/tr><\/tbody><\/table>\n<table border=\"1\" width=\"757\">\n<tbody>\n<tr>\n<td width=\"240\">\n<p>1626<\/p><\/td>\n<td width=\"236\">\n<p>&nbsp;<\/p><\/td>\n<td valign=\"top\" width=\"259\"><b><font size=\"2\">\u00c9pid\u00e9mie de peste dans tout le royaume;<br>le sud est particuli\u00e8rement touch\u00e9<\/font><\/b><\/td><\/tr><\/tbody><\/table>\n<table border=\"1\">\n<tbody>\n<tr>\n<td width=\"319\">\n<p>1627<\/p><\/td>\n<td width=\"319\">\n<p>&nbsp;<\/p><\/td>\n<td width=\"319\"><b><font size=\"2\">\u00c9pid\u00e9mie de peste dans tout le royaume;<br>le sud est particuli\u00e8rement touch\u00e9<\/font><\/b><\/td><\/tr><\/tbody><\/table>\n<table border=\"1\">\n<tbody>\n<tr>\n<td width=\"319\">\n<p>1628<\/p><\/td>\n<td valign=\"top\" width=\"319\">\n<p><b><font size=\"2\">\u00c9t\u00e9 particuli\u00e8rement dur avec la canicule;<br>Hiver 1628-1629 glacial et tr\u00e8s rude<br>&nbsp;<\/font><\/b><font color=\"#000000\" size=\"2\"><b>25\/11\/1628 : Le d\u00e9bordement du Furan a entra\u00een\u00e9 la destruction de plusieurs ponts, la Loire a caus\u00e9 de gros d\u00e9g\u00e2ts dans la plaine du Forez.<\/b><\/font><\/p><\/td>\n<td valign=\"top\" width=\"319\"><font size=\"2\"><b><br>&nbsp;<\/b><\/font><\/td><\/tr><\/tbody><\/table>\n<table border=\"1\">\n<tbody>\n<tr>\n<td width=\"319\">\n<p>1629<\/p><\/td>\n<td width=\"319\">\n<p><font color=\"black\" size=\"2\"><b>Cette ann\u00e9e il neigea beaucoup en France \u00ab\u00a0Grandes neiges <\/b><\/font><b><font color=\"black\" size=\"2\">Mars \u00e0 mai 1629 lesVignes sont gel\u00e9es.<\/font><\/b><\/p><\/td>\n<td valign=\"top\" width=\"319\"><b><font size=\"2\">\u00c9pid\u00e9mie de peste dans tout le royaume<br>le sud est particuli\u00e8rement touch\u00e9<\/font><\/b><\/td><\/tr><\/tbody><\/table>\n<table border=\"1\">\n<tbody>\n<tr>\n<td width=\"319\">\n<p>1630<\/p><\/td>\n<td valign=\"top\" width=\"319\"><b><font size=\"2\">1630 &#8211; 1631 :<\/font><font color=\"black\" size=\"2\"> <\/font><\/b><font color=\"black\" size=\"2\"><b>Hiver tr\u00e8s froid \u00ab\u00a0Grande froidure\u00a0\u00bb <\/b><\/font><b><font size=\"2\"><br>Ann\u00e9e st\u00e9rile en tous grains, mai pluvieux et beaucoup d&rsquo;herbes dans les bl\u00e9s.<\/font><\/b><\/td>\n<td valign=\"top\" width=\"319\"><b><font size=\"2\">\u00c9pid\u00e9mie de peste dans tout le royaume<br>le sud est particuli\u00e8rement touch\u00e9<br>Interdiction de nombreuses foires.&nbsp;<\/font><\/b><\/td><\/tr><\/tbody><\/table>\n<table border=\"1\">\n<tbody>\n<tr>\n<td width=\"319\">\n<p>1631<\/p><\/td>\n<td width=\"319\">\n<p>&nbsp;<\/p><\/td>\n<td width=\"319\"><b><font size=\"2\">\u00c9pid\u00e9mie de peste dans tout le royaume<br>le sud est particuli\u00e8rement touch\u00e9<\/font><\/b><\/td><\/tr><\/tbody><\/table>\n<table border=\"1\">\n<tbody>\n<tr>\n<td width=\"319\">\n<p>1632<\/p><\/td>\n<td width=\"319\">\n<p>&nbsp;<\/p><\/td>\n<td valign=\"top\" width=\"319\"><b><font size=\"2\">\u00c9pid\u00e9mie de peste dans tout le royaume<br>le sud est particuli\u00e8rement touch\u00e9<\/font><\/b><\/td><\/tr><\/tbody><\/table>\n<table border=\"1\">\n<tbody>\n<tr>\n<td width=\"319\">\n<p>1633<\/p><\/td>\n<td width=\"319\">\n<p>&nbsp;<\/p><\/td>\n<td width=\"319\">\n<p>&nbsp;<\/p><\/td><\/tr><\/tbody><\/table>\n<table border=\"1\">\n<tbody>\n<tr>\n<td width=\"319\">\n<p>1634<\/p><\/td>\n<td width=\"319\">\n<p>&nbsp;<\/p><\/td>\n<td width=\"319\">\n<p>&nbsp;<\/p><\/td><\/tr><\/tbody><\/table>\n<table border=\"1\">\n<tbody>\n<tr>\n<td width=\"319\">\n<p>1635<\/p><\/td>\n<td valign=\"top\" width=\"319\">\n<p><b><font size=\"2\">Du 13 au 21\/02\/1635 il y a eu une inondation \u00e0 Amiens. Les prairies au allant tour de la ville furent inond\u00e9es jusqu&rsquo;\u00e0 90 cm d&rsquo;eau.<\/font><\/b><\/p><\/td>\n<td width=\"319\">\n<p>&nbsp;<\/p><\/td><\/tr><\/tbody><\/table>\n<table border=\"1\">\n<tbody>\n<tr>\n<td width=\"319\">\n<p>1636<\/p><\/td>\n<td width=\"319\">\n<p><b><font size=\"2\">\u00c9t\u00e9 particuli\u00e8rement dur avec la canicule<\/font><\/b><\/p><\/td>\n<td valign=\"top\" width=\"319\"><b><font size=\"2\">\u00c9pid\u00e9mie de peste en Champagne, Lorraine et <br>en Alsace.<\/font><\/b><\/td><\/tr><\/tbody><\/table>\n<table border=\"1\">\n<tbody>\n<tr>\n<td width=\"319\">\n<p>1637<\/p><\/td>\n<td width=\"319\">\n<p><b><font size=\"2\">\u00c9t\u00e9 particuli\u00e8rement dur avec la canicule<\/font><\/b><\/p><\/td>\n<td valign=\"top\" width=\"319\"><b><font size=\"2\">\u00c9pid\u00e9mie de peste en Champagne, Lorraine et <br>en Alsace.<\/font><\/b><\/td><\/tr><\/tbody><\/table>\n<table border=\"1\">\n<tbody>\n<tr>\n<td width=\"319\">\n<p>1638<\/p><\/td>\n<td width=\"319\"><b><font size=\"2\">Froid et neige en fin d&rsquo;ann\u00e9e.<\/font><\/b><\/td>\n<td width=\"319\">\n<p>&nbsp;<\/p><\/td><\/tr><\/tbody><\/table>\n<table border=\"1\">\n<tbody>\n<tr>\n<td width=\"319\">\n<p>1639<\/p><\/td>\n<td width=\"319\"><font color=\"black\" size=\"2\"><b>Cette ann\u00e9e l&rsquo;\u00e9t\u00e9 fut certainement tr\u00e8s chaud en France <i>\u00ab\u00a0En la dite ann\u00e9e 1639, le temps \u00e9tait si fort et si chaud que les raisins se br\u00fbl\u00e8rent par les vignes.\u00a0\u00bb<\/i><\/b><\/font><b><font size=\"2\"><br>22 avril &#8211; Gel\u00e9es extraordinaires.<\/font><\/b><\/td>\n<td width=\"319\">\n<p>&nbsp;<\/p><\/td><\/tr><\/tbody><\/table>\n<table border=\"1\">\n<tbody>\n<tr>\n<td width=\"319\">\n<p>1640<\/p><\/td>\n<td valign=\"top\" width=\"319\"><b><font size=\"2\">Printemps, \u00e9t\u00e9 et automne pluvieux<br>1640-1641 hiver glacial<br>Dans le Massif Central, l&rsquo;hiver se prolongea du d\u00e9but d&rsquo;octobre jusqu&rsquo;au mois de mai 1641. <\/font><\/b><\/td>\n<td width=\"319\">\n<p>&nbsp;<\/p><\/td><\/tr><\/tbody><\/table>\n<table border=\"1\">\n<tbody>\n<tr>\n<td width=\"319\">\n<p>1641<\/p><\/td>\n<td width=\"319\">\n<p>&nbsp;<\/p><\/td>\n<td width=\"319\">\n<p>&nbsp;<\/p><\/td><\/tr><\/tbody><\/table>\n<table border=\"1\">\n<tbody>\n<tr>\n<td width=\"319\">\n<p>1642<\/p><\/td>\n<td valign=\"top\" width=\"319\"><b><font size=\"2\">Beaucoup d&rsquo;herbes dans les bl\u00e9s, gel\u00e9e des vignes en mai.<\/font><\/b><\/td>\n<td width=\"319\">\n<p>&nbsp;<\/p><\/td><\/tr><\/tbody><\/table>\n<table border=\"1\">\n<tbody>\n<tr>\n<td width=\"319\">\n<p>1643<\/p><\/td>\n<td width=\"319\">\n<p><b><font color=\"black\" size=\"2\">1642 &#8211; 1643 <\/font><\/b><font color=\"black\" size=\"2\"><b>Hiver doux en France <\/b><\/font><\/p><\/td>\n<td width=\"319\">\n<p>&nbsp;<\/p><\/td><\/tr><\/tbody><\/table>\n<table border=\"1\">\n<tbody>\n<tr>\n<td width=\"319\">\n<p>1644<\/p><\/td>\n<td width=\"319\">\n<p><font color=\"black\"><b>1643 &#8211; 1644 : <\/b><\/font><font color=\"black\" size=\"2\"><b>hiver froid en Belgique<\/b><\/font><\/p><\/td>\n<td width=\"319\"><b><font size=\"2\">\u00c9pid\u00e9mie de peste<\/font><\/b><\/td><\/tr><\/tbody><\/table>\n<table border=\"1\">\n<tbody>\n<tr>\n<td width=\"319\">\n<p>1645<\/p><\/td>\n<td width=\"319\">\n<p><b><font size=\"2\">1645 &#8211; 1646 \u00e9t\u00e9 particuli\u00e8rement dur avec la canicule<\/font><\/b><\/p><\/td>\n<td width=\"319\"><b><font size=\"2\">\u00c9pid\u00e9mie de peste<\/font><\/b><\/td><\/tr><\/tbody><\/table>\n<table border=\"1\">\n<tbody>\n<tr>\n<td width=\"319\">\n<p>1646<\/p><\/td>\n<td width=\"319\">\n<p><i><b><font size=\"2\">\u00ab\u00a0Cette ann\u00e9e 1646 fit de grandes chaleurs jusqu&rsquo;\u00e0 s\u00e9cher les fontaines<\/font><\/b><\/i><b><font size=\"2\">\u00ab\u00a0<\/font><\/b><\/p><\/td>\n<td width=\"319\"><b><font size=\"2\">\u00c9pid\u00e9mie de peste<\/font><\/b><\/td><\/tr><\/tbody><\/table>\n<table border=\"1\">\n<tbody>\n<tr>\n<td width=\"319\">\n<p>1647<\/p><\/td>\n<td valign=\"top\" width=\"319\">\n<p>&nbsp;<font size=\"2\"><b>le 21\/02\/1647 il y a eu une temp\u00eate de forte intenst\u00e9 : <i>\u00ab\u00a0Le 21 de f\u00e9vrier 1647, il fit un grand et si gros vent, qu&rsquo;il rompit et d\u00e9rassina grande quantit\u00e9 et grand nombre d&rsquo;arbres et maisons et fit tomber grande quantit\u00e9 de ch\u00eanes par tout le pays<\/i><\/b><\/font><\/p><\/td>\n<td width=\"319\"><b><font size=\"2\">\u00c9pid\u00e9mie de peste<\/font><\/b><\/td><\/tr><\/tbody><\/table>\n<table border=\"1\">\n<tbody>\n<tr>\n<td width=\"319\">\n<p>1648<\/p><\/td>\n<td width=\"319\">\n<p>&nbsp;<\/p><\/td>\n<td valign=\"top\" width=\"319\"><b><font size=\"2\">Famines et \u00e9pid\u00e9mies en Ile-de-France, en Berry, dans le Massif Central et le Nord-Est.<\/font><\/b><\/td><\/tr><\/tbody><\/table>\n<table border=\"1\">\n<tbody>\n<tr>\n<td width=\"319\">\n<p>1649<\/p><\/td>\n<td valign=\"top\" width=\"319\">\n<p>&nbsp;<b><font size=\"2\">En f\u00e9vrier 1649 la Seine d\u00e9borda de 7,66 m\u00e8tres<\/font><\/b><\/p><\/td>\n<td width=\"319\"><b><font size=\"2\">Famines et \u00e9pid\u00e9mies en Ile-de-France, en Berry, dans le Massif Central et le Nord-Est.<\/font><\/b><\/td><\/tr><\/tbody><\/table>\n<table border=\"1\">\n<tbody>\n<tr>\n<td width=\"319\">\n<p>1650<\/p><\/td>\n<td width=\"319\">\n<p>&nbsp;<\/p><\/td>\n<td valign=\"top\" width=\"319\"><b><font size=\"2\">Famines et \u00e9pid\u00e9mies en Ile-de-France, en Berry, dans le Massif Central et le Nord-Est<\/font>.<\/b><\/td><\/tr><\/tbody><\/table>\n<table border=\"1\">\n<tbody>\n<tr>\n<td width=\"319\">\n<p>1651<\/p><\/td>\n<td valign=\"top\" width=\"319\">\n<p>&nbsp;<b><font size=\"2\">En janvier1651 la Seine d\u00e9borda de 7,83 m\u00e8tres<\/font><\/b><\/p><\/td>\n<td valign=\"top\" width=\"319\"><b><font size=\"2\">\u00c9pid\u00e9mie de peste noire. <br>Famines et \u00e9pid\u00e9mies en Ile-de-France, en Berry, dans le Massif Central et le Nord-Est.<\/font><\/b><\/td><\/tr><\/tbody><\/table>\n<table border=\"1\">\n<tbody>\n<tr>\n<td width=\"319\">\n<p>1652<\/p><\/td>\n<td width=\"319\">\n<p><b><font size=\"2\">\u00c9t\u00e9 particuli\u00e8rement dur avec la canicule<\/font><\/b><\/p><\/td>\n<td valign=\"top\" width=\"319\"><b><font size=\"2\">Famines et \u00e9pid\u00e9mies en Ile-de-France, en Berry, dans le Massif Central et le Nord-Est.<\/font><\/b><\/td><\/tr><\/tbody><\/table>\n<table border=\"1\">\n<tbody>\n<tr>\n<td width=\"319\">\n<p>1653<\/p><\/td>\n<td width=\"319\">\n<p><b><font size=\"2\">\u00c9t\u00e9 particuli\u00e8rement dur avec la canicule<\/font><\/b><\/p><\/td>\n<td valign=\"top\" width=\"319\"><b><font size=\"2\">Famines et \u00e9pid\u00e9mies en Ile-de-France, en Berry, dans le Massif Central et le Nord-Est.<\/font><\/b><\/td><\/tr><\/tbody><\/table>\n<table border=\"1\">\n<tbody>\n<tr>\n<td width=\"319\">\n<p>1654<\/p><\/td>\n<td width=\"319\">\n<p><b><font size=\"2\">\u00c9t\u00e9 particuli\u00e8rement dur avec la canicule<\/font><\/b><\/p><\/td>\n<td width=\"319\"><b><font size=\"2\">Famines et \u00e9pid\u00e9mies en Ile-de-France, en Berry, dans le Massif Central et le Nord-Est.<\/font><\/b><\/td><\/tr><\/tbody><\/table>\n<table border=\"1\">\n<tbody>\n<tr>\n<td width=\"319\">\n<p>1655<\/p><\/td>\n<td width=\"319\"><b><font size=\"2\">1655-1656 Hiver glacial.<\/font><\/b><\/td>\n<td width=\"319\">\n<p>&nbsp;<\/p><\/td><\/tr><\/tbody><\/table>\n<table border=\"1\">\n<tbody>\n<tr>\n<td width=\"319\">\n<p>1656<\/p><\/td>\n<td valign=\"top\" width=\"319\">\n<p><font size=\"2\"><b>En France et en Allemagne il fut tr\u00e8s rigoureux \u00e0 partir du 25\/11\/1655. Chutes de neige abondantes. La Seine gela \u00e0 Paris du 8 au 16\/12\/1655.<\/b><\/font><\/p><\/td>\n<td width=\"319\">\n<p>&nbsp;<\/p><\/td><\/tr><\/tbody><\/table>\n<table border=\"1\">\n<tbody>\n<tr>\n<td width=\"319\">\n<p>1657<\/p><\/td>\n<td valign=\"top\" width=\"319\"><b><font size=\"2\">Hiver glacial. Les rigueurs de cet hiver se firent sentir dans toute l&rsquo;Europe.<\/font><\/b><\/td>\n<td width=\"319\">\n<p>&nbsp;<\/p><\/td><\/tr><\/tbody><\/table>\n<table border=\"1\">\n<tbody>\n<tr>\n<td width=\"319\">\n<p>1658<\/p><\/td>\n<td valign=\"top\" width=\"319\"><b><font size=\"2\">A Paris, le mois de janvier et le d\u00e9but de f\u00e9vrier 1658 furent extr\u00eamement froids et la Seine fut gel\u00e9e du 1er au 21 f\u00e9vrier<br>&nbsp;<\/font><\/b><font size=\"2\"><b>Le 27\/02\/1658 Paris connu la crue la plus importante, la Seine d\u00e9borda de 8,81 m\u00e8tres<br>&nbsp;Du 2 au 04\/03\/1658 il y a une inondation \u00e0 Amiens. Le 05\/03\/1658 \u00e0 Abbeville, la rivi\u00e8re de la Somme a d\u00e9bord\u00e9e <\/b><\/font><\/td>\n<td width=\"319\">\n<p>&nbsp;<\/p><\/td><\/tr><\/tbody><\/table>\n<table border=\"1\">\n<tbody>\n<tr>\n<td width=\"319\">\n<p>1659<\/p><\/td>\n<td valign=\"top\" width=\"319\"><b><font color=\"black\" size=\"2\">Hiver glacial. <\/font><font color=\"black\" size=\"2\">Il y eut deux s\u00e9ries de tr\u00e8s fortes gel\u00e9es : de d\u00e9c<i>embre 1959 \u00e0 la mi-janvier 1660<\/i><\/font><\/b><\/td>\n<td width=\"319\">\n<p>&nbsp;<\/p><\/td><\/tr><\/tbody><\/table>\n<table border=\"1\">\n<tbody>\n<tr>\n<td width=\"319\">\n<p>1660<\/p><\/td>\n<td valign=\"top\" width=\"319\">\n<p>&nbsp;<i><font size=\"2\"><b>\u00ab\u00a0<\/b><\/font><\/i><font size=\"2\"><b> Cette froidure surpassa celle du grand hiver 1607-1608. Le Rh\u00f4ne fut gel\u00e9 et la Seine resta gel\u00e9e pendant plusieurs mois\u00a0\u00bb<\/b><\/font><\/p><\/td>\n<td width=\"319\"><b><font size=\"2\">Famine qui s&rsquo;\u00e9tend \u00e0 tout le Bassin Parisien et \u00e0 la r\u00e9gion Aquitaine.<\/font><\/b><\/td><\/tr><\/tbody><\/table>\n<table border=\"1\">\n<tbody>\n<tr>\n<td width=\"319\">\n<p>1661<\/p><\/td>\n<td valign=\"top\" width=\"319\">\n<p><b><font color=\"black\" size=\"2\">Hiver long avec gel\u00e9es presque continues \u00e0 Paris du 5\/12\/1662 au 8\/03\/1663. En d\u00e9cembre 1662 la Seine \u00e9tait enti\u00e8rement prise<\/font><\/b><\/p><\/td>\n<td width=\"319\"><b><font size=\"2\">Famine qui s&rsquo;\u00e9tend \u00e0 tout le Bassin Parisien et \u00e0 la r\u00e9gion Aquitaine.<\/font><\/b><\/td><\/tr><\/tbody><\/table>\n<table border=\"1\">\n<tbody>\n<tr>\n<td width=\"319\">\n<p>1662<\/p><\/td>\n<td width=\"319\">\n<p><b><font size=\"2\">\u00c9t\u00e9 particuli\u00e8rement dur avec la canicule<\/font><\/b><\/p><\/td>\n<td width=\"319\"><b><font size=\"2\">Famine qui s&rsquo;\u00e9tend \u00e0 tout le Bassin Parisien et \u00e0 la r\u00e9gion Aquitaine.<\/font><\/b><\/td><\/tr><\/tbody><\/table>\n<table border=\"1\">\n<tbody>\n<tr>\n<td width=\"319\">\n<p>1663<\/p><\/td>\n<td width=\"319\"><b><font size=\"2\">Hiver glacial.<\/font><\/b><\/td>\n<td valign=\"top\" width=\"319\"><b><font size=\"2\">Famine dans le G\u00e2tinais qui supprime 20% de la population<\/font>.<\/b><\/td><\/tr><\/tbody><\/table>\n<table border=\"1\">\n<tbody>\n<tr>\n<td width=\"319\">\n<p>1664<\/p><\/td>\n<td width=\"319\">\n<p>&nbsp;<\/p><\/td>\n<td width=\"319\"><b><font size=\"2\">Grande peste de Londres.<\/font><\/b><\/td><\/tr><\/tbody><\/table>\n<table border=\"1\">\n<tbody>\n<tr>\n<td width=\"319\">\n<p>1665<\/p><\/td>\n<td width=\"319\">\n<p>&nbsp;<\/p><\/td>\n<td width=\"319\"><b><font size=\"2\">Grande peste de Londres.<\/font><\/b><\/td><\/tr><\/tbody><\/table>\n<table border=\"1\">\n<tbody>\n<tr>\n<td width=\"319\">\n<p>1666<\/p><\/td>\n<td width=\"319\">\n<p><b><font size=\"2\">\u00c9t\u00e9 particuli\u00e8rement dur avec la canicule<\/font><\/b><\/p><\/td>\n<td width=\"319\">\n<p>&nbsp;<font size=\"2\"><b>Interdiction aux navires venant d&rsquo;Espagne d&rsquo;aborder les ports de la Bretagne. 1666 avec les villes d&rsquo;Ostende, Nieuport et Bruges.<\/b><\/font><\/p><\/td><\/tr><\/tbody><\/table>\n<table border=\"1\">\n<tbody>\n<tr>\n<td width=\"319\">\n<p>1667<\/p><\/td>\n<td width=\"319\">\n<p><font color=\"black\" size=\"2\"><b>Hiver froid en Belgique<\/b><\/font><\/p><\/td>\n<td width=\"319\">\n<p>&nbsp;<\/p><\/td><\/tr><\/tbody><\/table>\n<table border=\"1\">\n<tbody>\n<tr>\n<td width=\"319\">\n<p>1668<\/p><\/td>\n<td width=\"319\">\n<p>&nbsp;<\/p><\/td>\n<td width=\"319\">\n<p>&nbsp;<\/p><\/td><\/tr><\/tbody><\/table>\n<table border=\"1\">\n<tbody>\n<tr>\n<td width=\"319\">\n<p>1669<\/p><\/td>\n<td width=\"319\">\n<p><b><font size=\"2\">\u00c9t\u00e9 particuli\u00e8rement dur avec la canicule<\/font><\/b><\/p><\/td>\n<td width=\"319\">\n<p>&nbsp;<\/p><\/td><\/tr><\/tbody><\/table>\n<table border=\"1\">\n<tbody>\n<tr>\n<td width=\"319\">\n<p>1670<\/p><\/td>\n<td width=\"319\"><font color=\"black\" size=\"2\"><b>Froid excessif en janvier et f\u00e9vrier<\/b><\/font><\/td>\n<td width=\"319\"><b><font size=\"2\">\u00c9pid\u00e9mie de peste.<\/font><\/b><\/td><\/tr><\/tbody><\/table>\n<table border=\"1\">\n<tbody>\n<tr>\n<td width=\"319\">\n<p>1671<\/p><\/td>\n<td width=\"319\">\n<p>&nbsp;<\/p><\/td>\n<td width=\"319\">\n<p>&nbsp;<\/p><\/td><\/tr><\/tbody><\/table>\n<table border=\"1\">\n<tbody>\n<tr>\n<td width=\"319\">\n<p>1672<\/p><\/td>\n<td width=\"319\">\n<p><font color=\"black\" size=\"2\">&nbsp;<b>1672 &#8211; 1673 : <\/b><\/font><font color=\"black\" size=\"2\"><b>hiver froid en Belgique<\/b><\/font><\/p><\/td>\n<td width=\"319\">\n<p>&nbsp;<\/p><\/td><\/tr><\/tbody><\/table>\n<table border=\"1\">\n<tbody>\n<tr>\n<td width=\"319\">\n<p>1673<\/p><\/td>\n<td width=\"319\">\n<p>&nbsp;<\/p><\/td>\n<td width=\"319\">\n<p>&nbsp;<\/p><\/td><\/tr><\/tbody><\/table>\n<table border=\"1\">\n<tbody>\n<tr>\n<td width=\"319\">\n<p>1674<\/p><\/td>\n<td width=\"319\">\n<p>&nbsp;<\/p><\/td>\n<td width=\"319\">\n<p>&nbsp;<\/p><\/td><\/tr><\/tbody><\/table>\n<table border=\"1\">\n<tbody>\n<tr>\n<td width=\"319\">\n<p>1675<\/p><\/td>\n<td width=\"319\">\n<p>&nbsp;<\/p><\/td>\n<td width=\"319\">\n<p>&nbsp;<\/p><\/td><\/tr><\/tbody><\/table>\n<table border=\"1\" width=\"981\">\n<tbody>\n<tr>\n<td width=\"320\">\n<p>1676<\/p><\/td>\n<td width=\"320\">\n<p><b><font size=\"2\">\u00c9t\u00e9 particuli\u00e8rement dur avec la canicule<\/font><\/b><\/p><\/td>\n<td width=\"319\">\n<p>&nbsp;<\/p><\/td><\/tr><\/tbody><\/table>\n<table border=\"1\">\n<tbody>\n<tr>\n<td width=\"319\">\n<p>1677<\/p><\/td>\n<td valign=\"top\" width=\"319\"><b><font size=\"2\">Hiver glacial <br>A Paris, la Seine resta gel\u00e9e du 9 d\u00e9cembre 1677 au 13 janvier 1678<\/font><\/b><\/td>\n<td width=\"319\">\n<p>&nbsp;<\/p><\/td><\/tr><\/tbody><\/table>\n<table border=\"1\">\n<tbody>\n<tr>\n<td width=\"319\">\n<p>1678<\/p><\/td>\n<td width=\"319\">\n<p>&nbsp;<\/p><\/td>\n<td width=\"319\">\n<p>&nbsp;<\/p><\/td><\/tr><\/tbody><\/table>\n<table border=\"1\">\n<tbody>\n<tr>\n<td width=\"319\">\n<p>1679<\/p><\/td>\n<td width=\"319\">\n<p>&nbsp;<\/p><\/td>\n<td width=\"319\"><b><font size=\"2\">Peste noire \u00e0 Vienne et Prague.<\/font><\/b><\/td><\/tr><\/tbody><\/table>\n<table border=\"1\">\n<tbody>\n<tr>\n<td width=\"319\">\n<p>1680<\/p><\/td>\n<td width=\"319\">\n<p>&nbsp;<\/p><\/td>\n<td valign=\"top\" width=\"319\">\n<p><font size=\"2\"><b>Interdiction aux navires venant d&rsquo;Espagne d&rsquo;aborder les ports de la Bretagne. 1666 avec les villes d&rsquo;Ostende, Nieuport et Bruges.<\/b><\/font><\/p><\/td><\/tr><\/tbody><\/table>\n<table border=\"1\">\n<tbody>\n<tr>\n<td width=\"319\">\n<p>1681<\/p><\/td>\n<td valign=\"top\" width=\"319\"><b><font size=\"2\">\u00c9t\u00e9 caniculaire<br>pluvieux dans le nord de la France<\/font><\/b><\/td>\n<td width=\"319\">\n<p>&nbsp;<\/p><\/td><\/tr><\/tbody><\/table>\n<table border=\"1\">\n<tbody>\n<tr>\n<td width=\"319\">\n<p>1682<\/p><\/td>\n<td width=\"319\">\n<p>&nbsp;<\/p><\/td>\n<td width=\"319\">\n<p>&nbsp;<\/p><\/td><\/tr><\/tbody><\/table>\n<table border=\"1\">\n<tbody>\n<tr>\n<td width=\"319\">\n<p>1683<\/p><\/td>\n<td valign=\"top\" width=\"319\"><b><font size=\"2\">janvier Inondations dans le nord de la France Abondances de neiges sur le Sud-Est<\/font><\/b><\/td>\n<td width=\"319\">\n<p>&nbsp;<\/p><\/td><\/tr><\/tbody><\/table>\n<table border=\"1\">\n<tbody>\n<tr>\n<td width=\"319\">\n<p>1684<\/p><\/td>\n<td valign=\"top\" width=\"319\"><b><font color=\"black\" size=\"2\">froids rigoureux surtout au mois de janvier 1684<br>Le long des c\u00f4tes de l&rsquo;Angleterre, de Hollande et de France, la mer fut gel\u00e9e sur une \u00e9tendue de plusieurs milles&nbsp;<br><\/font><\/b><font color=\"black\" size=\"2\"><b>15 et 16\/01\/1684 : on a enregistr\u00e9 un minimum de -14,90\u00b0C \u00e0 Paris<br>&nbsp;<\/b><\/font><b><font color=\"black\" size=\"2\">03\/02\/1684 : Paris a grelott\u00e9 avec -16,30\u00b0C \u00e0 l&rsquo;aube et m\u00eame -10,90\u00b0\u00b0C au plus chaud de la journ\u00e9e! 04\/02\/1684 : le thermom\u00e8tre a d\u00e9gringol\u00e9 \u00e0 -16,80\u00b0C \u00e0 Paris&nbsp;<\/font><\/b><\/td>\n<td width=\"319\">\n<p>&nbsp;<\/p><\/td><\/tr><\/tbody><\/table>\n<table border=\"1\">\n<tbody>\n<tr>\n<td width=\"319\">\n<p>1685<\/p><\/td>\n<td valign=\"top\" width=\"319\"><b>En janvier neiges abondantes sur l&rsquo;est de la France<br>\u00c9t\u00e9 rude<\/b><\/td>\n<td width=\"319\">\n<p>&nbsp;<\/p><\/td><\/tr><\/tbody><\/table>\n<table border=\"1\">\n<tbody>\n<tr>\n<td width=\"319\">\n<p>1686<\/p><\/td>\n<td valign=\"top\" width=\"319\"><b>en janvier inondations dans l&rsquo;ouest de la France. en juillet canicule sur le nord de la France<\/b><\/td>\n<td width=\"319\">\n<p>&nbsp;<\/p><\/td><\/tr><\/tbody><\/table>\n<table border=\"1\">\n<tbody>\n<tr>\n<td width=\"319\">\n<p>1687<\/p><\/td>\n<td valign=\"top\" width=\"319\"><b>en mai vignes gel\u00e9es entre Seine et Loire <br>en mai gel\u00e9e dans l&rsquo;ouest de la France<\/b><\/td>\n<td width=\"319\">\n<p>&nbsp;<\/p><\/td><\/tr><\/tbody><\/table>\n<table border=\"1\">\n<tbody>\n<tr>\n<td width=\"319\">\n<p>1688<\/p><\/td>\n<td width=\"319\">\n<p>&nbsp;<\/p><\/td>\n<td width=\"319\">\n<p>&nbsp;<\/p><\/td><\/tr><\/tbody><\/table>\n<table border=\"1\">\n<tbody>\n<tr>\n<td width=\"319\">\n<p>1689<\/p><\/td>\n<td valign=\"top\" width=\"319\"><b><font color=\"black\" size=\"2\">en octobre inondations entre Seine et Loire<br>&nbsp;<\/font><\/b><font color=\"black\" size=\"2\"><b>13\/01\/1689 : le thermom\u00e8tre a plong\u00e9 \u00e0 -14,90\u00b0C \u00e0 Paris!<\/b><\/font><font color=\"#0000ff\" size=\"2\"><b> <\/b><\/font><\/td>\n<td width=\"319\">\n<p>&nbsp;<\/p><\/td><\/tr><\/tbody><\/table>\n<table border=\"1\">\n<tbody>\n<tr>\n<td width=\"319\">\n<p>1690<\/p><\/td>\n<td width=\"319\">\n<p>&nbsp;<\/p><\/td>\n<td width=\"319\">\n<p>&nbsp;<\/p><\/td><\/tr><\/tbody><\/table>\n<table border=\"1\">\n<tbody>\n<tr>\n<td width=\"319\">\n<p>1691<\/p><\/td>\n<td valign=\"top\" width=\"319\"><b><font size=\"2\">en mai vignes gel\u00e9es entre Seine et Loire, dans le centre et dans l&rsquo;est de la France<br>\u00c9t\u00e9 rude<\/font><\/b><\/td>\n<td width=\"319\">\n<p>&nbsp;<\/p><\/td><\/tr><\/tbody><\/table>\n<table border=\"1\">\n<tbody>\n<tr>\n<td width=\"319\">\n<p>1692<\/p><\/td>\n<td valign=\"top\" width=\"319\"><b><font size=\"2\">En janvier f\u00e9vrier abondance de neige dans le centre et le nord de la France <br>En mai les vignes geles entre Seine et Loire et dans le centre de la France<br>De juillet \u00e0 septembre pluies abondantes dans l&rsquo;est et le nord de la France<br>Octobre novembre glacial dans le centre et l&rsquo;ouest de la France<br>Abondances de neiges dans l&rsquo;Est et le Nord, pluies diluviennes dans le Centre<\/font><\/b><font size=\"2\"><br><\/font><\/td>\n<td width=\"319\">\n<p>&nbsp;<\/p><\/td><\/tr><\/tbody><\/table>\n<table border=\"1\">\n<tbody>\n<tr>\n<td width=\"319\">\n<p>1693<\/p><\/td>\n<td valign=\"top\" width=\"319\"><b><font size=\"2\">De juin \u00e0 septembre \u00e9t\u00e9 tr\u00e8s pluvieux<br>En d\u00e9cembre inondations dans le centre de la France<\/font><\/b><\/td>\n<td width=\"319\"><b><font size=\"2\">Famine : 1,4 millions de morts d\u00fbs \u00e0 l&rsquo;\u00e9t\u00e9 pluvieux de 1693 et l&rsquo;hiver glacial de 1694<\/font><\/b><\/td><\/tr><\/tbody><\/table>\n<table border=\"1\">\n<tbody>\n<tr>\n<td width=\"319\">\n<p>1694<\/p><\/td>\n<td valign=\"top\" width=\"319\"><font color=\"black\" size=\"2\"><b>Hiver tr\u00e8s long, d&rsquo;octobre 1694 \u00e0 mars 1695, avec de fortes gel\u00e9es (minimum \u00e0 Paris -15\u00b0C).<\/b><\/font><font color=\"black\" size=\"2\"><b> Neiges abondantes dans l&rsquo;Est et le Sud-Est<\/b><\/font><\/td>\n<td width=\"319\"><b><font size=\"2\">Famine : 1,4 millions de morts d\u00fbs \u00e0 l&rsquo;\u00e9t\u00e9 pluvieux de 1693 et l&rsquo;hiver glacial de 1694<\/font><\/b><\/td><\/tr><\/tbody><\/table>\n<table border=\"1\">\n<tbody>\n<tr>\n<td width=\"319\">\n<p>1695<\/p><\/td>\n<td valign=\"top\" width=\"319\"><b><font size=\"2\">En janvier la neiges est abondantes dans le nord de la France<br>En mars inondations dans le centre de la France<\/font><\/b><\/td>\n<td width=\"319\">\n<p>&nbsp;<\/p><\/td><\/tr><\/tbody><\/table>\n<table border=\"1\">\n<tbody>\n<tr>\n<td width=\"319\">\n<p>1696<\/p><\/td>\n<td valign=\"top\" width=\"319\">\n<p>&nbsp;<font color=\"black\" size=\"2\"><b>16\/01\/1696 : un air printaniaire sur la capitale avec 17,90\u00b0C maximum \u00e0 Paris, record de chaleur absolu pour un mois de janvier jusqu&rsquo;\u00e0 nos jours. <\/b><\/font><\/p><\/td>\n<td width=\"319\">\n<p>&nbsp;<\/p><\/td><\/tr><\/tbody><\/table>\n<table border=\"1\">\n<tbody>\n<tr>\n<td width=\"319\">\n<p>1697<\/p><\/td>\n<td valign=\"top\" width=\"319\"><font color=\"black\" size=\"2\"><b>Cette hiver fut si froid que la Garonne fut charg\u00e9e de glace<\/b><\/font><b><font color=\"black\" size=\"2\"><br>Mai les vignes geles dans le nord de la France<br>En juillet inondations dans le nord de la France<\/font><\/b><\/td>\n<td width=\"319\">\n<p>&nbsp;<\/p><\/td><\/tr><\/tbody><\/table>\n<table border=\"1\">\n<tbody>\n<tr>\n<td width=\"319\">\n<p>1698<\/p><\/td>\n<td valign=\"top\" width=\"319\"><b><font size=\"2\">Le moi de janvier et f\u00e9vrier est Glacial<br>La neige est abondante dans le centre de la France <br>En f\u00e9vrier inondations entre Seine et Loire et dans l&rsquo;ouest de la France<br>En mai les vignes geles entre Seine et Loire<br>\u00c9t\u00e9 rude dans l&rsquo;ouest le centre et le nord de la France<br>en septembre &#8211; les pluies sont abondantes dans l&rsquo;ouest de la France (inondations dans le Sud-Ouest)<\/font><\/b><\/td>\n<td width=\"319\">\n<p>&nbsp;<\/p><\/td><\/tr><\/tbody><\/table>\n<table border=\"1\">\n<tbody>\n<tr>\n<td width=\"319\">\n<p>1699<\/p><\/td>\n<td width=\"319\">\n<p>&nbsp;<\/p><\/td>\n<td width=\"319\">\n<p>&nbsp;<\/p><\/td><\/tr><\/tbody><\/table>\n<p><br><\/p>\n<table border=\"1\">\n<tbody>\n<tr>\n<td width=\"319\">\n<p>1700<\/p><\/td>\n<td width=\"319\">\n<p>&nbsp;<\/p><\/td>\n<td width=\"319\">\n<p>&nbsp;<\/p><\/td><\/tr><\/tbody><\/table>\n<p>&nbsp;<\/p>\n<p align=\"center\">&nbsp;<font color=\"blue\" face=\"Imprint MT Shadow\"><span style=\"FONT-SIZE: 22pt\">XVIII \u00e8me si\u00e8cle<\/span><\/font><\/p>\n<div align=\"left\">\n<table border=\"1\">\n<tbody>\n<tr>\n<td width=\"319\">\n<p>1701<\/p><\/td>\n<td width=\"319\">\n<p>&nbsp;<\/p><\/td>\n<td width=\"319\">\n<p>&nbsp;<\/p><\/td><\/tr><\/tbody><\/table><\/div>\n<table border=\"1\">\n<tbody>\n<tr>\n<td width=\"319\">\n<p>1702<\/p><\/td>\n<td valign=\"top\" width=\"319\"><b><font size=\"2\">1701 &#8211; 1702 :En avril les vignes geles entre Seine et Loire, dans le sud-est et le nord de la France<\/font><\/b><\/td>\n<td width=\"319\">\n<p>&nbsp;<\/p><\/td><\/tr><\/tbody><\/table>\n<table border=\"1\">\n<tbody>\n<tr>\n<td width=\"319\">\n<p>1703<\/p><\/td>\n<td valign=\"top\" width=\"319\"><b><font size=\"2\">En f\u00e9vrier grande chaleur dans le nord de la France<br>En juin le pluies est abondantes entre Seine et Loire et dans l&rsquo;ouest de la France<br>&nbsp;<\/font><\/b><font size=\"2\"><b>26\/11\/1703 : une temp\u00eate a touch\u00e9 les \u00eeles Britanniques et le Nord de la France faisant de nombreuses victimes, dont 1 500 marins noy\u00e9s du fait de la destruction de leurs navires<br>&nbsp; <\/b><\/font><b><font size=\"2\">du 7 au 8\/12\/1703, c&rsquo;est abattue en plein nuit, la plus violente temp\u00eate que l&rsquo;Europe Occidentale a connu<\/font><\/b><\/td>\n<td width=\"319\">\n<p>&nbsp;<\/p><\/td><\/tr><\/tbody><\/table>\n<table border=\"1\">\n<tbody>\n<tr>\n<td width=\"319\">\n<p>1704<\/p><\/td>\n<td valign=\"top\" width=\"319\"><b><font size=\"2\">Avril et Mai les vignes gel\u00e9es entre Seine et Loire, et dans l\u2019Est de la France l&rsquo;\u00e9t\u00e9 fut rude<\/font><\/b><\/td>\n<td width=\"319\">\n<p>&nbsp;<\/p><\/td><\/tr><\/tbody><\/table>\n<table border=\"1\">\n<tbody>\n<tr>\n<td width=\"319\">\n<p>1705<\/p><\/td>\n<td valign=\"top\" width=\"319\"><b><font color=\"black\" size=\"2\">En mai les vignes geles entre Seine et Loire, dans le centre et dans le nord de la France. Juillet caniculaire dans le sud-est de la France<br>&nbsp;<\/font><\/b><font color=\"black\" size=\"2\"><b>En 1705 l&rsquo;\u00e9t\u00e9 fut si chaud que les thermom\u00e8tres de l&rsquo;\u00e9poque furent bris\u00e9s par la dilatation du liquide<\/b><\/font><\/td>\n<td width=\"319\">\n<p>&nbsp;<\/p><\/td><\/tr><\/tbody><\/table>\n<table border=\"1\">\n<tbody>\n<tr>\n<td width=\"319\">\n<p>1706<\/p><\/td>\n<td valign=\"top\" width=\"319\"><b><font size=\"2\">En janvier &#8211; le neiges est abondante dans l&rsquo;est de la France<br>en juin &#8211; gr\u00eale violente dans le sud-ouest de la France<\/font><\/b><font size=\"2\">.<\/font><\/td>\n<td width=\"319\"><b><font size=\"2\">Dysenterie dans l&rsquo;Anjou<\/font><\/b><\/td><\/tr><\/tbody><\/table>\n<table border=\"1\">\n<tbody>\n<tr>\n<td height=\"36\" width=\"319\">\n<p>1707<\/p><\/td>\n<td height=\"36\" valign=\"top\" width=\"319\"><font color=\"black\" size=\"2\"><b>Cet \u00e9t\u00e9 dans le Centre de la France, il n&rsquo;y a pas eu de pluie du 25\/03\/1707 au 01\/11\/1707, sauf un orage le 24\/07\/1707<\/b><\/font><b><font color=\"black\" size=\"2\"><br>En juillet canicule entre Seine et Loire, dans l&rsquo;ouest et le nord de la France<br>En octobre Inondations entre Seine et Loire.<\/font><\/b><\/td>\n<td height=\"36\" width=\"319\">\n<p>&nbsp;<\/p><\/td><\/tr><\/tbody><\/table>\n<table border=\"1\">\n<tbody>\n<tr>\n<td width=\"319\">\n<p>1708<\/p><\/td>\n<td valign=\"top\" width=\"319\"><font color=\"black\" size=\"2\"><b>Cet hiver fut extr\u00e8mement froid <\/b><\/font><b><font color=\"black\" size=\"2\"><br>en mai les vignes geles entre Seine et Loire <br>En octobre la neige est abondante dans l&rsquo;ouest et le nord de la France.<\/font><\/b><\/td>\n<td width=\"319\">\n<p>&nbsp;<\/p><\/td><\/tr><\/tbody><\/table>\n<table border=\"1\">\n<tbody>\n<tr>\n<td width=\"319\">\n<p>1709<\/p><\/td>\n<td valign=\"top\" width=\"319\"><b><font color=\"black\" size=\"2\">En mai les vignes geles entre Seine et Loire <br>Les pluies sont abondantes dans le Centre. <br>Juin les pluies sont abondantes dans le centre de la France, inondations entre Seine et Loire dans le Centre et dans l&rsquo;Ouest.<br>&nbsp;<\/font><font color=\"black\" size=\"2\">04\/01\/1709 : 8\u00b0C \u00e0 Paris se qui est corecte mais d\u00e8s l<\/font><\/b><font color=\"black\" size=\"2\"><b>e lundi. <br>07\/01\/1709, lit-on dans une chronique de l\u2019\u00e9poque, commen\u00e7a une gel\u00e9e qui fut ce jour-l\u00e0 la plus rude et la plus difficile \u00e0 souffrir. Le 13\/01\/1709 : -23\u00b0C \u00e0 Paris.<\/b><\/font><\/td>\n<td width=\"319\"><b><font size=\"2\">Famine<\/font><\/b><\/td><\/tr><\/tbody><\/table>\n<table border=\"1\">\n<tbody>\n<tr>\n<td width=\"319\">\n<p>1710<\/p><\/td>\n<td valign=\"top\" width=\"319\"><font color=\"black\" size=\"2\"><b>1709 &#8211; 1710 : Cet hiver a \u00e9t\u00e9 tr\u00e8s froid au poins que presque tous les arbres ont gel\u00e9s. La r\u00e9colte fut absolument nul.<br>10\/01\/1710 : le thermom\u00e8tre est descend \u00e0 -12,10\u00b0C \u00e0 Paris<br><\/b><\/font><\/td>\n<td width=\"319\">\n<p>&nbsp;<font size=\"2\"><b>Famine due \u00e0 l&rsquo;hiver rigoureux<\/b><\/font><\/p><\/td><\/tr><\/tbody><\/table>\n<table border=\"1\">\n<tbody>\n<tr>\n<td width=\"319\">\n<p>1711<\/p><\/td>\n<td valign=\"top\" width=\"319\"><b><font size=\"2\">En mars 1711 la Seine d\u00e9borda de 7,62 m\u00e8tres<\/font><\/b><\/td>\n<td width=\"319\">\n<p>&nbsp;<\/p><\/td><\/tr><\/tbody><\/table>\n<table border=\"1\">\n<tbody>\n<tr>\n<td width=\"319\">\n<p>1712<\/p><\/td>\n<td width=\"319\"><font color=\"black\" size=\"2\"><b>Et\u00e9 chaud<\/b><\/font><\/td>\n<td width=\"319\">\n<p>&nbsp;<\/p><\/td><\/tr><\/tbody><\/table>\n<table border=\"1\">\n<tbody>\n<tr>\n<td width=\"319\">\n<p>1713<\/p><\/td>\n<td valign=\"top\" width=\"319\"><font color=\"black\" size=\"2\"><b>Et\u00e9 chaud<br>Avril : glacial entre Seine et Loire et dans le nord de la France ; les vignes gel\u00e9es dans le Nord<br>Juin &nbsp;: vignes gel\u00e9es dans le centre de la France mais<\/b><\/font><\/td>\n<td width=\"319\">\n<p>&nbsp;<\/p><\/td><\/tr><\/tbody><\/table>\n<table border=\"1\">\n<tbody>\n<tr>\n<td width=\"319\">\n<p>1714<\/p><\/td>\n<td width=\"319\">\n<p>&nbsp;<\/p><\/td>\n<td width=\"319\">\n<p>&nbsp;<\/p><\/td><\/tr><\/tbody><\/table>\n<table border=\"1\">\n<tbody>\n<tr>\n<td width=\"319\">\n<p>1715<\/p><\/td>\n<td valign=\"top\" width=\"319\">\n<p><font color=\"black\" size=\"2\"><b>1715 &#8211; 1716 : Hiver long, rude et tr\u00e8s neigeux du 20\/12\/1715 au 31\/01\/1716 et du d\u00e9but mars \u00e0 la mi-avril. . A Paris, -20\u00b0C le 22\/01\/1716. En Savoie la neige avait 20 pieds d\u2019\u00e9paisseur : il en \u00e9tait de m\u00eame en Alsace. En Poitou<\/b><\/font><\/p><\/td>\n<td width=\"319\">\n<p>&nbsp;<\/p><\/td><\/tr><\/tbody><\/table>\n<table border=\"1\">\n<tbody>\n<tr>\n<td width=\"319\">\n<p>1716<\/p><\/td>\n<td valign=\"top\" width=\"319\"><font color=\"black\" size=\"2\"><b>En 1716 il y a eu une inondation catastrophique dans la Somme<br>&nbsp;10\/08\/1716: \u00e0 Poitiers, une grande s\u00e9cheresse qui continue depuis environ six mois a br\u00fbl\u00e9 g\u00e9n\u00e9ralement toutes les l\u00e9gumes<\/b><\/font><\/td>\n<td width=\"319\">\n<p>&nbsp;<\/p><\/td><\/tr><\/tbody><\/table>\n<table border=\"1\">\n<tbody>\n<tr>\n<td width=\"319\">\n<p>1717<\/p><\/td>\n<td width=\"319\"><b><font color=\"black\" size=\"2\">Un \u00e9t\u00e9 chaud et sec en France.<\/font><\/b><\/td>\n<td width=\"319\">\n<p>&nbsp;<\/p><\/td><\/tr><\/tbody><\/table>\n<table border=\"1\">\n<tbody>\n<tr>\n<td width=\"319\">\n<p>1718<\/p><\/td>\n<td width=\"319\">\n<p><b><font size=\"2\">il y a une inondation \u00e0 Amiens.<\/font><\/b><\/p><\/td>\n<td width=\"319\">\n<p>&nbsp;<\/p><\/td><\/tr><\/tbody><\/table>\n<table border=\"1\">\n<tbody>\n<tr>\n<td width=\"319\">\n<p>1719<\/p><\/td>\n<td valign=\"top\" width=\"319\"><font size=\"2\"><b>Mars &#8211; Sec dans le nord de la France. <br>Avril &#8211; Vignes gel\u00e9es entre Seine et Loire, dans le sud-ouest et l&rsquo;ouest de la France.<br>&nbsp;Mai et juin ont \u00e9t\u00e9 sec et chaud partout en France (sauf dans le Sud). <br>Juillet et ao\u00fbt &#8211; S\u00e9cheresse et chaleur entre la Seine et le Loire, dans l&rsquo;est, l&rsquo;ouest et le nord de la France. <br>Septembre &#8211; S\u00e9cheresse entre Seine et Loire, dans l&rsquo;ouest et le nord de la France.<br><\/b><\/font><\/td>\n<td width=\"319\">\n<p><font size=\"2\"><b>&nbsp;\u00c9pid\u00e9mie de dysenterie dans le val-de-Loire<\/b><\/font><\/p><\/td><\/tr><\/tbody><\/table>\n<table border=\"1\">\n<tbody>\n<tr>\n<td width=\"319\">\n<p>1720-1721<\/p><\/td>\n<td width=\"319\">\n<p>&nbsp;<\/p><\/td>\n<td width=\"319\">\n<p><font size=\"2\"><b>1720 : \u00c9pid\u00e9mie de peste noire<br>1721 : &nbsp;\u00c9pid\u00e9mie de peste en Provence (40 000 morts \u00e0 Marseille et 80 000 dans l&rsquo;arri\u00e8re-pays proven\u00e7al).<\/b><\/font><\/p><\/td><\/tr><\/tbody><\/table>\n<table border=\"1\">\n<tbody>\n<tr>\n<td width=\"319\">\n<p>1722-1723<\/p><\/td>\n<td valign=\"top\" width=\"319\"><font color=\"black\" size=\"2\"><b>\u00c9t\u00e9 caniculaire.<br>&nbsp;l&rsquo;ann\u00e9e a \u00e9t\u00e9 remarquable par une s\u00e8cheresse extraordinaire, presque g\u00e9n\u00e9rale en Europe, depuis la mi-mars jusques au mois de novembre. <br><\/b><\/font><font size=\"2\"><b>Il y a eu cette ann\u00e9e une s\u00e9cheresse qui a dur\u00e9 neuf mois sans tomber d&rsquo;eau et seulement quelques ros\u00e9es qui ont conserver les foins.<\/b><\/font><font color=\"black\" size=\"2\"><b><br><\/b><\/font><\/td>\n<td width=\"319\">\n<p>&nbsp;<\/p><\/td><\/tr><\/tbody><\/table>\n<table border=\"1\">\n<tbody>\n<tr>\n<td width=\"319\">\n<p>1724<\/p><\/td>\n<td valign=\"top\" width=\"319\"><font color=\"black\" size=\"2\"><b>06\/01\/1924 : la 4\u00e8me des plus importantes des crues de la Seine avec 7,32 m<br>Un \u00e9t\u00e9 chaud et sec en France.<\/b><\/font><\/td>\n<td width=\"319\">\n<p>&nbsp;<\/p><\/td><\/tr><\/tbody><\/table>\n<table border=\"1\">\n<tbody>\n<tr>\n<td width=\"319\">\n<p>1725<\/p><\/td>\n<td width=\"319\">\n<p>&nbsp;<\/p><\/td>\n<td width=\"319\">\n<p><font size=\"2\"><b>1725 : Famine en Normandie, la population vit d&rsquo;herbe des champs<\/b><\/font><\/p><\/td><\/tr><\/tbody><\/table>\n<table border=\"1\">\n<tbody>\n<tr>\n<td width=\"319\">\n<p>1726<\/p><\/td>\n<td width=\"319\"><font color=\"black\" size=\"2\"><b>\u00c9t\u00e9 caniculaire.<\/b><\/font><\/td>\n<td width=\"319\">\n<p>&nbsp;<font size=\"2\"><b>1726 : Famine<\/b><\/font><\/p><\/td><\/tr><\/tbody><\/table>\n<table border=\"1\">\n<tbody>\n<tr>\n<td width=\"319\">\n<p>1727<\/p><\/td>\n<td valign=\"top\" width=\"319\"><b><font size=\"2\">En septembre 1727 il y a eu une inondation importante \u00e0 Carcassonne<\/font><\/b><\/td>\n<td width=\"319\">\n<p>&nbsp;<\/p><\/td><\/tr><\/tbody><\/table>\n<table border=\"1\">\n<tbody>\n<tr>\n<td width=\"319\">\n<p>1728<\/p><\/td>\n<td width=\"319\">\n<p>&nbsp;<\/p><\/td>\n<td width=\"319\">\n<p>&nbsp;<\/p><\/td><\/tr><\/tbody><\/table>\n<table border=\"1\">\n<tbody>\n<tr>\n<td width=\"319\">\n<p>1729<\/p><\/td>\n<td valign=\"top\" width=\"319\"><font color=\"black\" size=\"2\"><b>Hiver long et rude, en particulier du 24\/12\/1728 au 22\/12\/1729. <br><\/b><\/font><font color=\"black\" size=\"2\"><b>De d\u00e9but mars \u00e0 la mi-avril : en Poitou, l&rsquo;encre gelait dans les plumes, m\u00eame dans les pi\u00e8ces chauff\u00e9es. <br>En Provence, les oliviers p\u00e9rirent. A Paris, le thermom\u00e8tre s&rsquo;abaissa jusqu&rsquo;\u00e0 -15\u00b0C. Le mois d&rsquo;avril fut marqu\u00e9 par de fortes chutes de neige.<br><\/b><\/font><b><font color=\"black\" size=\"2\">19\/01\/1729 : le thermom\u00e8tre a plong\u00e9 \u00e0 -15,30\u00b0C \u00e0 Paris<br><\/font><\/b><font color=\"black\" size=\"2\"><b>\u00c9t\u00e9 caniculaire.<\/b><\/font><\/td>\n<td width=\"319\">\n<p><font size=\"2\"><b>1729 &#8211; 1733: La premi\u00e8re vague de l&rsquo;\u00e9pid\u00e9mie frappa la France d&rsquo;est en ouest \u00e0 la fin de l&rsquo;automne 1729, touchant le pays entier en environ 1 mois.<\/b><\/font><\/p><\/td><\/tr><\/tbody><\/table>\n<table border=\"1\">\n<tbody>\n<tr>\n<td width=\"319\">\n<p>1730<\/p><\/td>\n<td width=\"319\">\n<p>&nbsp;<\/p><\/td>\n<td width=\"319\">\n<p>&nbsp;<\/p><\/td><\/tr><\/tbody><\/table>\n<table border=\"1\">\n<tbody>\n<tr>\n<td width=\"319\">\n<p>1731<\/p><\/td>\n<td valign=\"top\" width=\"319\"><font color=\"black\" size=\"2\"><b>Cette ann\u00e9e a \u00e9t\u00e9 si sec de mani\u00e8re que des ruisseaux sont rest\u00e9 sans couler pr\u00e8s de quinze mois dans certain endroit.<\/b><\/font><\/td>\n<td width=\"319\">\n<p>&nbsp;<\/p><\/td><\/tr><\/tbody><\/table>\n<table border=\"1\">\n<tbody>\n<tr>\n<td width=\"319\">\n<p>1732<\/p><\/td>\n<td width=\"319\">\n<p>&nbsp;<\/p><\/td>\n<td width=\"319\">\n<p>&nbsp;<\/p><\/td><\/tr><\/tbody><\/table>\n<table border=\"1\">\n<tbody>\n<tr>\n<td width=\"319\">\n<p>1733<\/p><\/td>\n<td width=\"319\">\n<p>&nbsp;<\/p><\/td>\n<td width=\"319\">\n<p>&nbsp;<\/p><\/td><\/tr><\/tbody><\/table>\n<table border=\"1\">\n<tbody>\n<tr>\n<td width=\"319\">\n<p>1734<\/p><\/td>\n<td width=\"319\">\n<p>&nbsp;<\/p><\/td>\n<td width=\"319\">\n<p>&nbsp;<\/p><\/td><\/tr><\/tbody><\/table>\n<table border=\"1\">\n<tbody>\n<tr>\n<td width=\"319\">\n<p>1735<\/p><\/td>\n<td width=\"319\">\n<p>&nbsp;<\/p><\/td>\n<td width=\"319\">\n<p>&nbsp;<\/p><\/td><\/tr><\/tbody><\/table>\n<table border=\"1\">\n<tbody>\n<tr>\n<td width=\"319\">\n<p>&nbsp;1736<\/p><\/td>\n<td width=\"319\"><font color=\"black\" size=\"2\"><b>30\/07\/1736 : le thermom\u00e8tre est mont\u00e9 jusqu&rsquo;\u00e0 37\u00b0C \u00e0 Paris! <\/b><\/font><\/td>\n<td width=\"319\">\n<p>&nbsp;<\/p><\/td><\/tr><\/tbody><\/table>\n<table border=\"1\">\n<tbody>\n<tr>\n<td width=\"319\">\n<p>1737<\/p><\/td>\n<td width=\"319\">\n<p>&nbsp;<\/p><\/td>\n<td width=\"319\">\n<p>&nbsp;<\/p><\/td><\/tr><\/tbody><\/table>\n<table border=\"1\">\n<tbody>\n<tr>\n<td width=\"319\">\n<p>1738<\/p><\/td>\n<td valign=\"top\" width=\"319\"><b><font size=\"2\">En 1738 les pluies extraordinaires tomb\u00e9es sur N\u00eemes pendant plusieurs jours de suite ont provoqu\u00e9 des inondations d&rsquo;une grande partie du terroir de la ville. <br><\/font><font color=\"black\" size=\"2\">05\/08\/1738 : il fait particui\u00e8rement chaud \u00e0 Paris avec 36,90\u00b0C!<\/font><\/b><\/td>\n<td width=\"319\">\n<p>&nbsp;<\/p><\/td><\/tr><\/tbody><\/table>\n<table border=\"1\">\n<tbody>\n<tr>\n<td width=\"319\">\n<p>1739<\/p><\/td>\n<td width=\"319\">\n<p>&nbsp;<\/p><\/td>\n<td width=\"319\">\n<p>&nbsp;1<\/p><\/td><\/tr><\/tbody><\/table>\n<table border=\"1\">\n<tbody>\n<tr>\n<td width=\"319\">\n<p>1740<\/p><\/td>\n<td valign=\"top\" width=\"319\"><font color=\"black\" size=\"2\"><b>Un hiver tr\u00e8s froid <br><\/b><\/font><font size=\"2\"><b>En France la saison froide dura du mois d\u2019octobre 1739 jusqu\u2019\u00e0 mars 1740 ; \u00e0 Paris on compta pendant ce temps 75 jours de gel\u00e9es dont 22 cons\u00e9cutifs. Les gel\u00e9es de 1740 furent moins rigoureuses que celles de 1709<br><\/b><\/font><font color=\"black\" size=\"2\"><b>Malheureusement la r\u00e9colte fut compromise par les froids pluvieux de l\u2019\u00e9t\u00e9 1740, qui pr\u00e9senta une temp\u00e9rature tr\u00e8s basse <\/b><\/font><\/td>\n<td width=\"319\">\n<p><font size=\"2\"><b>&nbsp;Famine en Touraine,la population mange de l&rsquo;herbe<\/b><\/font><\/p><\/td><\/tr><\/tbody><\/table>\n<table border=\"1\">\n<tbody>\n<tr>\n<td width=\"319\">\n<p>1741<\/p><\/td>\n<td valign=\"top\" width=\"319\"><font color=\"black\" size=\"2\"><b>Le 26\/12\/740 : Paris connu la 2\u00e8me des pires inondations les plus importantes, la Seine d\u00e9borda de 8,05 m\u00e8tres.<br><\/b><\/font><font color=\"black\" size=\"2\"><b>L\u2019hiver a \u00e9t\u00e9 tr\u00e8s froid avec plus de deux mois de suite de fortes gel\u00e9es<br>L&rsquo;\u00c9t\u00e9 fut caniculaire en 1741. Apr\u00e8s ces longues gel\u00e9es, il y a eu pr\u00e8s de cinq mois sans de pluie (<\/b><\/font><b><font color=\"black\" size=\"2\">126 jours \u00e0 Cuers) <\/font><\/b><font color=\"black\" size=\"2\"><b>les chaleurs furent fort violentes, mais sans orages tel que l\u2019herbe des champs fut aussi sec que le foin.<\/b><\/font><\/td>\n<td width=\"319\">\n<p><font size=\"2\"><b>1740 : Famine dans les r\u00e9gions atlantiques et le quart sud-est du pays, grande mis\u00e8re pain d&rsquo;orge et d&rsquo;avoine pour seul nourriture. Une \u00e9pid\u00e9mie de bronchite fait \u00e9galement de nombreuses victimes<\/b><\/font><\/p><\/td><\/tr><\/tbody><\/table>\n<table border=\"1\" width=\"981\">\n<tbody>\n<tr>\n<td width=\"319\">\n<p>1742<\/p><\/td>\n<td valign=\"top\" width=\"319\"><font color=\"black\" size=\"2\"><b>Le mois de janvier 1742 fut tr\u00e8s rigoureux en France, d&rsquo;o\u00f9, du 2 au 25\/01\/1742, les gel\u00e9es furent ininterrompues. D\u00e8s le 27\/12\/1741, la Seine \u00e9tait prise par la glace.<br>\u00c9t\u00e9 caniculaire comme en 1741<br>02\/07\/1742 : Paris a \u00e9tait sous une canicule : 36,20\u00b0C.<\/b><\/font><\/td>\n<td width=\"321\">\n<p>&nbsp;<font size=\"2\"><b>\u00c9pid\u00e9mies de typhus et de dysenterie sur la bretagne<\/b><\/font><\/p><\/td><\/tr><\/tbody><\/table>\n<table border=\"1\">\n<tbody>\n<tr>\n<td width=\"319\">\n<p>1743<\/p><\/td>\n<td valign=\"top\" width=\"319\"><b><font color=\"black\" size=\"2\">\u00c9t\u00e9 caniculaire<br>16\/05\/1743 : Le Furan a emport\u00e9 l\u2019\u00e9cluse du moulin Pierrefort.&nbsp;<\/font><\/b><\/td>\n<td width=\"319\">\n<p>&nbsp;<\/p><\/td><\/tr><\/tbody><\/table>\n<table border=\"1\">\n<tbody>\n<tr>\n<td width=\"319\">\n<p>1744<\/p><\/td>\n<td width=\"319\">\n<p>&nbsp;<\/p><\/td>\n<td width=\"319\">\n<p>&nbsp;<\/p><\/td><\/tr><\/tbody><\/table>\n<table border=\"1\">\n<tbody>\n<tr>\n<td width=\"319\">\n<p>1745<\/p><\/td>\n<td width=\"319\"><b><font size=\"2\">En octobre 1745 le Vistre est en crue.<\/font><\/b><\/td>\n<td width=\"319\">\n<p>&nbsp;<\/p><\/td><\/tr><\/tbody><\/table>\n<table border=\"1\">\n<tbody>\n<tr>\n<td width=\"319\">\n<p>1746<\/p><\/td>\n<td width=\"319\">\n<p>&nbsp;<\/p><\/td>\n<td width=\"319\">\n<p>&nbsp;<\/p><\/td><\/tr><\/tbody><\/table>\n<table border=\"1\">\n<tbody>\n<tr>\n<td width=\"319\">\n<p>1747<\/p><\/td>\n<td width=\"319\">\n<p>&nbsp;<\/p><\/td>\n<td width=\"319\">\n<p><font size=\"2\"><b>1747 : Famine dans le pays Lyonnais, la vall\u00e9e de la Garonne et le Haut-Languedoc<\/b><\/font><\/p><\/td><\/tr><\/tbody><\/table>\n<table border=\"1\">\n<tbody>\n<tr>\n<td width=\"319\">\n<p>&nbsp;1748<\/p><\/td>\n<td width=\"319\"><font color=\"black\" size=\"2\"><b>Le 23\/06\/1748 il a fait tr\u00e8s chaud : 36,90\u00b0C \u00e0 Paris ! <\/b><\/font><\/td>\n<td width=\"319\">\n<p>&nbsp;<\/p><\/td><\/tr><\/tbody><\/table>\n<table border=\"1\">\n<tbody>\n<tr>\n<td width=\"319\">\n<p>1749<\/p><\/td>\n<td valign=\"top\" width=\"319\"><font color=\"black\" size=\"2\"><b>Hiver doux en Belgique<br>23\/07\/1749 : le thermom\u00e8tre plafonne \u00e0 36,90\u00b0C \u00e0 Paris!&nbsp;<\/b><\/font><\/td>\n<td width=\"319\">\n<p>&nbsp;<\/p><\/td><\/tr><\/tbody><\/table>\n<table border=\"1\">\n<tbody>\n<tr>\n<td width=\"319\">\n<p>1750<\/p><\/td>\n<td width=\"319\">\n<p>&nbsp;<\/p><\/td>\n<td width=\"319\">\n<p>&nbsp;<font size=\"2\"><b>1750 grande famine<\/b><\/font><\/p><\/td><\/tr><\/tbody><\/table>\n<table border=\"1\">\n<tbody>\n<tr>\n<td width=\"319\">\n<p>1751<\/p><\/td>\n<td valign=\"top\" width=\"319\"><font color=\"black\" size=\"2\"><b>L&rsquo;\u00e9t\u00e9 1751 : dans le Sud-Ouest, <i>\u201capr\u00e8s un printemps d\u00e9rang\u00e9 et pluvieux, il vint une s\u00e9cheresse extraordinaire, avec de grandes chaleurs qui firent p\u00e9rir la r\u00e9colte. Les herbages manqu\u00e8rent. Ce fut une ann\u00e9e des plus critiques et des plus disetteuses. \u201d<\/i><\/b><\/font><\/td>\n<td width=\"319\">\n<p>&nbsp;<\/p><\/td><\/tr><\/tbody><\/table>\n<table border=\"1\">\n<tbody>\n<tr>\n<td width=\"319\">\n<p>1752<\/p><\/td>\n<td width=\"319\">\n<p>&nbsp;<\/p><\/td>\n<td width=\"319\">\n<p><font size=\"2\"><b>1752 grande famine<\/b><\/font><\/p><\/td><\/tr><\/tbody><\/table>\n<table border=\"1\">\n<tbody>\n<tr>\n<td width=\"319\">\n<p>1753<\/p><\/td>\n<td width=\"319\">\n<p>&nbsp;<\/p><\/td>\n<td width=\"319\">\n<p>&nbsp;<\/p><\/td><\/tr><\/tbody><\/table>\n<table border=\"1\">\n<tbody>\n<tr>\n<td width=\"319\">\n<p>1754<\/p><\/td>\n<td width=\"319\">\n<p>&nbsp;<\/p><\/td>\n<td width=\"319\">\n<p>&nbsp;<\/p><\/td><\/tr><\/tbody><\/table>\n<table border=\"1\">\n<tbody>\n<tr>\n<td width=\"319\">\n<p>1755<\/p><\/td>\n<td valign=\"top\" width=\"319\"><font color=\"#000000\" size=\"2\"><b>23\/01\/1755 : la 5\u00e8me des pires crues de la Seine avec 7,12 m mesur\u00e9 \u00e0 l&rsquo;\u00e9chelle d&rsquo;Austerlitz<\/b><\/font><\/td>\n<td width=\"319\">\n<p>&nbsp;<\/p><\/td><\/tr><\/tbody><\/table>\n<table border=\"1\">\n<tbody>\n<tr>\n<td width=\"319\">\n<p>1756<\/p><\/td>\n<td valign=\"top\" width=\"319\"><font color=\"black\" size=\"2\"><b>La Seine g\u00e8le enti\u00e8rement et la glace s\u2019\u00e9tend jusqu\u2019\u00e0 8 km en mer. Le 31\/01\/1756, un chroniqueur note que \u00a0\u00bb plus de 2000 personnes patinent sur la seine <\/b><\/font><\/td>\n<td width=\"319\">\n<p>&nbsp;<\/p><\/td><\/tr><\/tbody><\/table>\n<table border=\"1\">\n<tbody>\n<tr>\n<td width=\"319\">\n<p>1757<\/p><\/td>\n<td valign=\"top\" width=\"319\"><b><font color=\"black\" size=\"2\">\u00c9t\u00e9 caniculaire<br>&nbsp;<\/font><\/b><font color=\"black\" size=\"2\"><b>14\/07\/1757 : Paris \u00e9touffait sous les 37,70\u00b0C <\/b><\/font><\/td>\n<td width=\"319\">\n<p>&nbsp;<\/p><\/td><\/tr><\/tbody><\/table>\n<table border=\"1\">\n<tbody>\n<tr>\n<td width=\"319\">\n<p>1758<\/p><\/td>\n<td width=\"319\">\n<p><b><font color=\"black\" size=\"2\">19\/01\/1758 : 60 cm de neige ont recouvert la Beauce.<\/font><\/b><\/p><\/td>\n<td width=\"319\">\n<p>&nbsp;<\/p><\/td><\/tr><\/tbody><\/table>\n<table border=\"1\">\n<tbody>\n<tr>\n<td width=\"319\">\n<p>1759<\/p><\/td>\n<td valign=\"top\" width=\"319\">\n<p><font size=\"2\"><b>1759 \u00e9t\u00e9 caniculaire<\/b><\/font><font color=\"black\" size=\"2\"><b><br>18\/07\/1760 : Paris \u00e9tait sous la canicule avec 37,70\u00b0C<\/b><\/font><font color=\"#ff0000\" size=\"2\"><b> <\/b><\/font><\/p><\/td>\n<td width=\"319\">\n<p>&nbsp;<\/p><\/td><\/tr><\/tbody><\/table>\n<table border=\"1\">\n<tbody>\n<tr>\n<td width=\"319\">\n<p>1760<\/p><\/td>\n<td width=\"319\">\n<p><font size=\"2\"><b>1760 \u00e9t\u00e9 caniculaire<\/b><\/font><\/p><\/td>\n<td width=\"319\">\n<p>&nbsp;<\/p><\/td><\/tr><\/tbody><\/table>\n<table border=\"1\">\n<tbody>\n<tr>\n<td width=\"319\">\n<p>1761<\/p><\/td>\n<td width=\"319\">\n<p>&nbsp;<font size=\"2\"><b>1761 \u00e9t\u00e9 caniculaire<\/b><\/font><\/p><\/td>\n<td width=\"319\">\n<p>&nbsp;<\/p><\/td><\/tr><\/tbody><\/table>\n<table border=\"1\">\n<tbody>\n<tr>\n<td width=\"319\">\n<p>1762<\/p><\/td>\n<td valign=\"top\" width=\"319\"><font color=\"black\" size=\"2\"><b>1762 \u00e9t\u00e9 caniculaire<br>En janvier \u00e0 Paris la moyenne de la temp\u00e9rature a \u00e9t\u00e9 de -2,40\u00b0C et donc la Seine a&nbsp; gel\u00e9<\/b><\/font><\/td>\n<td width=\"319\">\n<p>&nbsp;<\/p><\/td><\/tr><\/tbody><\/table>\n<table border=\"1\">\n<tbody>\n<tr>\n<td width=\"319\">\n<p>1763-1764<\/p><\/td>\n<td valign=\"top\" width=\"319\"><b><font color=\"black\" size=\"2\">En f\u00e9vrier 1764 la Seine d\u00e9borda de 7,33 m\u00e8tre<br><\/font><font color=\"black\" size=\"2\">22\/06\/1764 : une chaleur exceptionnelle a frapp\u00e9 la France : 37,50\u00b0C \u00e0 Paris<\/font><font color=\"black\" size=\"2\">&nbsp;<\/font><\/b><\/td>\n<td width=\"319\">\n<p>&nbsp;<\/p><\/td><\/tr><\/tbody><\/table>\n<table border=\"1\">\n<tbody>\n<tr>\n<td width=\"319\">\n<p>1764<\/p><\/td>\n<td valign=\"top\" width=\"319\"><font color=\"black\" size=\"2\"><b>26\/12\/1764 : un grand et \u00e9pais verglas aurait recouvert la Beauce jusqu&rsquo;au 31<\/b><\/font><\/td>\n<td width=\"319\">\n<p>&nbsp;<\/p><\/td><\/tr><\/tbody><\/table>\n<table border=\"1\">\n<tbody>\n<tr>\n<td width=\"319\">\n<p>1765<\/p><\/td>\n<td valign=\"top\" width=\"319\"><font color=\"black\" size=\"2\"><b>26\/08\/1765 : une importante canicule se produit \u00e0 Paris avec 40\u00b0C<\/b><\/font><\/td>\n<td width=\"319\">\n<p>&nbsp;<\/p><\/td><\/tr><\/tbody><\/table>\n<table border=\"1\">\n<tbody>\n<tr>\n<td width=\"319\">\n<p>1766-1768<\/p><\/td>\n<td valign=\"top\" width=\"319\"><b><font color=\"black\" size=\"2\">Hiver tr\u00e8s froid<i><br><\/i><\/font><\/b><font color=\"black\" size=\"2\"><b>On passoit \u00e0 Langon sur la Garonne les boeufs<\/b><\/font><\/td>\n<td width=\"319\">\n<p>&nbsp;<\/p><\/td><\/tr><\/tbody><\/table>\n<table border=\"1\">\n<tbody>\n<tr>\n<td width=\"319\">\n<p>1768<\/p><\/td>\n<td width=\"319\">\n<p>&nbsp;<\/p><\/td>\n<td width=\"319\">\n<p>&nbsp;<\/p><\/td><\/tr><\/tbody><\/table>\n<table border=\"1\">\n<tbody>\n<tr>\n<td width=\"319\">\n<p>1769<\/p><\/td>\n<td width=\"319\">\n<p>&nbsp;<\/p><\/td>\n<td width=\"319\">\n<p>&nbsp;<font size=\"2\"><b>1769 grande famine<\/b><\/font><\/p><\/td><\/tr><\/tbody><\/table>\n<table border=\"1\">\n<tbody>\n<tr>\n<td width=\"319\">\n<p>1770<\/p><\/td>\n<td width=\"319\">\n<p>&nbsp;<\/p><\/td>\n<td width=\"319\">\n<p>&nbsp;<font size=\"2\"><b>1770 grande famine<\/b><\/font><\/p><\/td><\/tr><\/tbody><\/table>\n<table border=\"1\">\n<tbody>\n<tr>\n<td width=\"319\">\n<p>1771<\/p><\/td>\n<td width=\"319\">\n<p>&nbsp;<\/p><\/td>\n<td width=\"319\">\n<p>&nbsp;<\/p><\/td><\/tr><\/tbody><\/table>\n<table border=\"1\">\n<tbody>\n<tr>\n<td width=\"319\">\n<p>1772<\/p><\/td>\n<td valign=\"top\" width=\"319\"><font size=\"2\"><b>\u00c9t\u00e9 caniculaire en 1772<\/b><\/font><b><font color=\"black\" size=\"2\"><br>hiver neigeux<br>&nbsp;24\/06\/1772 : Paris a souffert sous une chaleur accablante de 36,80\u00b0C<\/font><\/b><\/td>\n<td width=\"319\">\n<p>&nbsp;<\/p><\/td><\/tr><\/tbody><\/table>\n<table border=\"1\">\n<tbody>\n<tr>\n<td width=\"319\">\n<p>1772-1773<\/p><\/td>\n<td valign=\"top\" width=\"319\"><font color=\"black\" size=\"2\"><b>14\/08\/1773 : il a fait chaud \u00e0 Paris avcc 39,40\u00b0C \u00e0 l&rsquo;ombre<br>\u00c9t\u00e9 <\/b><\/font><font size=\"2\"><b>caniculaire<\/b><\/font><\/td>\n<td width=\"319\">\n<p><font size=\"2\"><b>1772 : \u00c9pid\u00e9mie de variole, de grippe et de typho\u00efde, notamment en Bretagne int\u00e9rieure<\/b><\/font><\/p><\/td><\/tr><\/tbody><\/table>\n<table border=\"1\">\n<tbody>\n<tr>\n<td height=\"46\" width=\"319\">\n<p>1773<\/p><\/td>\n<td height=\"46\" width=\"319\">\n<p>&nbsp;<\/p><\/td>\n<td height=\"46\" width=\"319\">\n<p><font size=\"2\"><b>1773 : \u00c9pid\u00e9mie de variole, de grippe et de typho\u00efde, notamment en Bretagne int\u00e9rieure<\/b><\/font><\/p><\/td><\/tr><\/tbody><\/table>\n<table border=\"1\">\n<tbody>\n<tr>\n<td width=\"319\">\n<p>1774<\/p><\/td>\n<td valign=\"top\" width=\"319\">\n<p><font size=\"2\"><b>Hiver glacial Tr\u00e8s rude dans le Nord, cette saison ne pr\u00e9senta par contre aucune anomalie remarquable dans le Centre et le Midi<\/b><\/font><\/p><\/td>\n<td width=\"319\">\n<p>&nbsp;<\/p><\/td><\/tr><\/tbody><\/table>\n<table border=\"1\">\n<tbody>\n<tr>\n<td width=\"319\">\n<p>1775-1776<\/p><\/td>\n<td valign=\"top\" width=\"319\"><b><font color=\"black\" size=\"2\">Un hiver tr\u00e8s froid, tr\u00e8s rude dans le Nord<br><\/font><\/b><font color=\"black\" size=\"2\"><b>Les fortes gel\u00e9es commenc\u00e8rent en France dans la nuit du 8 au 9\/01\/1776 et dur\u00e8rent jusqu\u2019au d\u00e9but de f\u00e9vrier.<\/b><\/font><\/td>\n<td width=\"319\">\n<p><font size=\"2\"><b>1775 : grande famine<br>1776 : Epid\u00e9mie de typhus et de dysenterie dans le dioc\u00e8se du L\u00e9on<\/b><\/font><\/p><\/td><\/tr><\/tbody><\/table>\n<table border=\"1\">\n<tbody>\n<tr>\n<td width=\"319\">\n<p>1777<\/p><\/td>\n<td width=\"319\"><font color=\"black\" size=\"2\"><b>14\/08\/1777 : il a fait chaud \u00e0 Paris avcc 36,10\u00b0C \u00e0 l&rsquo;ombre!! <\/b><\/font><\/td>\n<td width=\"319\">\n<p>&nbsp;<\/p><\/td><\/tr><\/tbody><\/table>\n<table border=\"1\">\n<tbody>\n<tr>\n<td width=\"319\">\n<p>1778<\/p><\/td>\n<td valign=\"top\" width=\"319\"><b><font color=\"black\" size=\"2\" face=\"Arial, Helvetica, sans-serif\">\u00c9t\u00e9 caniculaire.<br><\/font><font color=\"black\" size=\"2\">05\/07\/1778 : une canicule \u00e0 Paris : 36,20\u00b0C<\/font><font color=\"#ff0000\" size=\"2\"> <\/font><font color=\"#ff0000\" size=\"2\" face=\"Arial, Helvetica, sans-serif\">&nbsp;<\/font><\/b><\/td>\n<td width=\"319\">\n<p>&nbsp;<\/p><\/td><\/tr><\/tbody><\/table>\n<table border=\"1\">\n<tbody>\n<tr>\n<td width=\"319\">\n<p>1779<\/p><\/td>\n<td width=\"319\"><font size=\"2\"><b>\u00c9t\u00e9 tr\u00e8s chaud dans la France du Nord en 1779<\/b><\/font><\/td>\n<td width=\"319\">\n<p><font size=\"2\"><b>1779 : Octobre &#8211; \u00c9pid\u00e9mie de dysenterie dans la France du Nord apr\u00e8s un \u00e9t\u00e9 tr\u00e8s chaud<\/b><\/font><\/p><\/td><\/tr><\/tbody><\/table>\n<table border=\"1\">\n<tbody>\n<tr>\n<td width=\"319\">\n<p>1780<\/p><\/td>\n<td width=\"319\"><font color=\"black\" size=\"2\"><b>Un printemps chaud&nbsp;puis d&rsquo;un \u00e9t\u00e9 chaud<\/b><\/font><\/td>\n<td width=\"319\">\n<p><font color=\"black\" size=\"2\"><b>1780 : <\/b><\/font><span style=\"BACKGROUND-COLOR: white; FONT-FAMILY: Arial; COLOR: navy\"><font color=\"black\" size=\"2\"><b>Grave \u00e9pid\u00e9mie de dysenterie qui depuis 1779, provoque la mort de 132 000 personnes en Bretagne<\/b><\/font><\/span><font color=\"black\" size=\"2\"><b> <\/b><\/font><\/p><\/td><\/tr><\/tbody><\/table>\n<table border=\"1\">\n<tbody>\n<tr>\n<td width=\"319\">\n<p>1781-1782<\/p><\/td>\n<td width=\"319\"><font color=\"black\" size=\"2\"><b>16\/07\/1782 : on a enregistr\u00e9 38,70\u00b0C \u00e0 l&rsquo;ombre \u00e0 Paris<\/b><\/font><\/td>\n<td width=\"319\">\n<p><font size=\"2\"><b>1781 : Pneumonie infectieuse dans l&rsquo;Ouest.<br>L&rsquo;\u00e9pid\u00e9mie de grippe s&rsquo;etendit d&rsquo;est en ouest \u00e0 partir de l&rsquo;hiver 1781\/1782<\/b><\/font><\/p><\/td><\/tr><\/tbody><\/table>\n<table border=\"1\">\n<tbody>\n<tr>\n<td width=\"319\">\n<p>1782-1783<\/p><\/td>\n<td valign=\"top\" width=\"319\"><font size=\"2\"><b>1783 \u00c9t\u00e9 caniculaire, Hiver glacial<br>C&rsquo;est surtout dans le Nord de la France que cet hiver fit sentir ses rigueurs depuis le d\u00e9but de novembre jusqu&rsquo;en avril<\/b><\/font><br><font size=\"2\"><b>Dans la capitale on enregistra 69 jours de gel\u00e9e cons\u00e9cutifs<\/b><\/font><\/td>\n<td width=\"319\">\n<p><font size=\"2\"><b>1782 : Famine. <br>Pneumonie infectieuse dans l&rsquo;Ouest<\/b><\/font><\/p><\/td><\/tr><\/tbody><\/table>\n<table border=\"1\">\n<tbody>\n<tr>\n<td width=\"319\">\n<p>1783-1784<\/p><\/td>\n<td valign=\"top\" width=\"319\"><font size=\"2\"><b>\u00c9t\u00e9 caniculaire<br>&nbsp;En f\u00e9vrier 1784 inondation du Rhin<\/b><\/font><\/td>\n<td width=\"319\">\n<p><font size=\"2\"><b>1783 : Pneumonie infectieuse dans l&rsquo;Ouest<\/b><\/font><\/p><\/td><\/tr><\/tbody><\/table>\n<table border=\"1\">\n<tbody>\n<tr>\n<td width=\"319\">\n<p>1784-1785<\/p><\/td>\n<td valign=\"top\" width=\"319\">\n<p><font color=\"black\" size=\"2\"><b>1785 \u00e9t\u00e9 caniculaire<br>&nbsp;Lors de l&rsquo;\u00e9t\u00e9 1785 il y a eu une grande s\u00e9cheresse dans toute la France<\/b><\/font><\/p><\/td>\n<td width=\"319\">\n<p><font size=\"2\"><b>1784 : Pneumonie infectieuse dans l&rsquo;Ouest<\/b><\/font><\/p><\/td><\/tr><\/tbody><\/table>\n<table border=\"1\">\n<tbody>\n<tr>\n<td width=\"319\">\n<p>1786<\/p><\/td>\n<td width=\"319\">\n<p>&nbsp;<\/p><\/td>\n<td width=\"319\">\n<p><font size=\"2\"><b>1785 : Pneumonie infectieuse dans l&rsquo;Ouest<\/b><\/font><\/p><\/td><\/tr><\/tbody><\/table>\n<table border=\"1\">\n<tbody>\n<tr>\n<td width=\"319\">\n<p>1787<\/p><\/td>\n<td valign=\"top\" width=\"319\">\n<p><font color=\"black\" size=\"2\"><b>1787 <\/b><\/font><font color=\"black\" size=\"2\"><b>la France a connu un printemps et un \u00e9t\u00e9 terriblement secs, qui ont compromis les r\u00e9coltes. Les 10 premiers jour de juillet,<\/b><\/font><\/p><\/td>\n<td width=\"319\">\n<p>&nbsp;<\/p><\/td><\/tr><\/tbody><\/table>\n<table border=\"1\">\n<tbody>\n<tr>\n<td width=\"319\">\n<p>1788<\/p><\/td>\n<td valign=\"top\" width=\"319\"><font size=\"2\"><b>Le 12\/07\/1788 : une chaude journ\u00e9e avec 33\u00b0C \u00e0 Paris et 33,50\u00b0C maximale \u00e0 Montmorency.<br><\/b><\/font><\/td>\n<td width=\"319\">\n<p><font size=\"2\"><b>&nbsp;1788 : grande famine<\/b><\/font><\/p><\/td><\/tr><\/tbody><\/table>\n<table border=\"1\">\n<tbody>\n<tr>\n<td width=\"319\">\n<p>1788-1789<\/p><\/td>\n<td valign=\"top\" width=\"319\"><b><font color=\"black\" size=\"2\">L\u2019Europe enti\u00e8re subit les rigueurs de ce remarquable hiver, principalement du 10\/11\/1788 \u00e0 la mi-janvier 1789<br>&nbsp;<\/font><\/b><font color=\"black\" size=\"2\"><b>A Paris, o\u00f9 la Seine resta gel\u00e9e du 26\/11\/1788 au 20\/01\/1789<\/b><\/font><\/td>\n<td width=\"319\">\n<p><font size=\"2\"><b>1789 : Graves disettes dans la plupart des r\u00e9gions apr\u00e8s un hiver tr\u00e8s rigoureux<\/b><\/font><\/p><\/td><\/tr><\/tbody><\/table>\n<table border=\"1\">\n<tbody>\n<tr>\n<td width=\"319\">\n<p>1790<\/p><\/td>\n<td valign=\"top\" width=\"319\"><b><font size=\"2\">I<\/font><font color=\"black\" size=\"2\">nondations catastrophiques durant le printemps \u00e0 N\u00eemes<\/font><\/b><font color=\"black\" size=\"2\"><b><br>L\u2019\u00e9t\u00e9 et l\u2019automne 1790 sont tellement secs dans la moiti\u00e9 nord de la France qu\u2019en de nombreuses r\u00e9gions les vignes ne donnent presque rien<\/b><\/font><\/td>\n<td width=\"319\">\n<p>&nbsp;<\/p><\/td><\/tr><\/tbody><\/table>\n<table border=\"1\">\n<tbody>\n<tr>\n<td width=\"319\">\n<p>1791<\/p><\/td>\n<td width=\"319\"><font size=\"2\"><b>\u00c9t\u00e9 caniculaire<\/b><\/font><\/td>\n<td width=\"319\">\n<p>&nbsp;<\/p><\/td><\/tr><\/tbody><\/table>\n<table border=\"1\">\n<tbody>\n<tr>\n<td width=\"319\">\n<p>1792<\/p><\/td>\n<td width=\"319\">\n<p>&nbsp;<\/p><\/td>\n<td width=\"319\">\n<p>&nbsp;<\/p><\/td><\/tr><\/tbody><\/table>\n<table border=\"1\">\n<tbody>\n<tr>\n<td width=\"319\">\n<p>1793<\/p><\/td>\n<td valign=\"top\" width=\"319\">\n<p><font color=\"black\" size=\"2\"><b>1793 \u00c9t\u00e9 caniculaire et tr\u00e8s sec<\/b><\/font><font color=\"black\" size=\"2\" face=\"Verdana, Arial, Helvetica, sans-serif\"><b><br><\/b><\/font><font color=\"black\" size=\"2\"><b>11\/07\/1793 : le thermom\u00e8tre monte jusqu&rsquo;\u00e0 40\u00b0C \u00e0 Valence dans la Dr\u00f4me<br>&nbsp;08\/08\/1793 : ce jour-l\u00e0 il a fait jusqu&rsquo;\u00e0 38,40\u00b0C \u00e0 Paris <\/b><\/font><\/p><\/td>\n<td width=\"319\">\n<p>&nbsp;<\/p><\/td><\/tr><\/tbody><\/table>\n<table border=\"1\">\n<tbody>\n<tr>\n<td width=\"319\">\n<p>1794<\/p><\/td>\n<td valign=\"top\" width=\"319\"><font color=\"black\" size=\"2\"><b>1794 Hiver glacial<br>&nbsp;<\/b><\/font><b><font color=\"black\" size=\"2\">Deux p\u00e9riodes de gel\u00e9e intense : la premi\u00e8re de la mi-d\u00e9cembre \u00e0 la fin de janvier et la seconde de la mi-f\u00e9vrier \u00e0 la fin de mars<\/font><\/b><\/td>\n<td width=\"319\">\n<p>&nbsp;<\/p><\/td><\/tr><\/tbody><\/table>\n<table border=\"1\">\n<tbody>\n<tr>\n<td width=\"319\">\n<p>1794-1795<\/p><\/td>\n<td valign=\"top\" width=\"319\"><font size=\"2\"><b>25\/12\/1794 au 28\/01\/1795 : le 23\/01\/1795 le thermom\u00e8tre descendit \u00e0 -23,50\u00b0C.<\/b><\/font><\/td>\n<td width=\"319\">\n<p>&nbsp;<\/p><\/td><\/tr><\/tbody><\/table>\n<table border=\"1\">\n<tbody>\n<tr>\n<td width=\"319\">\n<p>1796<\/p><\/td>\n<td width=\"319\"><font color=\"black\" size=\"2\"><b>hiver doux en Belgique et en France.<\/b><\/font><\/td>\n<td width=\"319\">\n<p>&nbsp;<\/p><\/td><\/tr><\/tbody><\/table>\n<table border=\"1\">\n<tbody>\n<tr>\n<td width=\"319\">\n<p>1797<\/p><\/td>\n<td width=\"319\">\n<p>&nbsp;<\/p><\/td>\n<td width=\"319\">\n<p>&nbsp;<\/p><\/td><\/tr><\/tbody><\/table>\n<table border=\"1\">\n<tbody>\n<tr>\n<td width=\"319\">\n<p>1798<\/p><\/td>\n<td width=\"319\"><font size=\"2\"><b>\u00c9t\u00e9 caniculaire<\/b><\/font><\/td>\n<td width=\"319\">\n<p>&nbsp;<\/p><\/td><\/tr><\/tbody><\/table>\n<table border=\"1\">\n<tbody>\n<tr>\n<td width=\"319\">\n<p>1798-1799<\/p><\/td>\n<td valign=\"top\" width=\"319\"><font color=\"black\" size=\"2\"><b>26\/12\/1798 : \u00e0 Paris il a \u00e9t\u00e9 enregistr\u00e9 -17,60\u00b0C minimum. Du 29\/12\/1798 au 19\/01\/1799 la seine a \u00e9t\u00e9 gel\u00e9e<\/b><\/font><\/td>\n<td width=\"319\">\n<p>&nbsp;<\/p><\/td><\/tr><\/tbody><\/table>\n<table border=\"1\">\n<tbody>\n<tr>\n<td width=\"319\">\n<p>1799-1800<\/p><\/td>\n<td width=\"319\">\n<p><font size=\"2\"><b>1799 : \u00c9t\u00e9 caniculaire<\/b><\/font><\/p><\/td>\n<td width=\"319\">\n<p>&nbsp;<\/p><\/td><\/tr><\/tbody><\/table>\n<table border=\"1\">\n<tbody>\n<tr>\n<td width=\"319\">\n<p>1801<\/p><\/td>\n<td width=\"319\">\n<p><font size=\"2\"><b>1801 : Octobre \u00e0 d\u00e9cembre &#8211; Inondations en Ile-de-France.<\/b><\/font><\/p><\/td>\n<td width=\"319\">\n<p>&nbsp;<\/p><\/td><\/tr><\/tbody><\/table>\n<table border=\"1\">\n<tbody>\n<tr>\n<td width=\"319\">\n<p>1802<\/p><\/td>\n<td width=\"319\"><b><font color=\"black\" size=\"2\">En janvier 1802 la Seine d\u00e9borda de 7,45 m\u00e8tre. 16\/01\/1802 : Paris a enregistr\u00e9 un minimum de -15,50\u00b0C.<\/font><font size=\"2\"><font color=\"#0000ff\"> <\/font><\/font><\/b><\/td>\n<td width=\"319\">\n<p>&nbsp;<\/p><\/td><\/tr><\/tbody><\/table>\n<table border=\"1\">\n<tbody>\n<tr>\n<td width=\"319\">\n<p>1803<\/p><\/td>\n<td width=\"319\"><b><font color=\"black\" size=\"2\">L&rsquo;\u00e9t\u00e9 de 1803 il y a eu une chaleur excessive dans toute la France, <\/font><\/b><font color=\"black\" size=\"2\"><b>\u00e0 Paris, on note 36,80\u00b0C le 31\/07\/1803. La Normandie ne re\u00e7ut pas une goutte d&rsquo;eau pendant 95 jours cons\u00e9cutifs<\/b><\/font>.<br><font size=\"2\"><b>\u00c9t\u00e9 caniculaire dans la Vienne.<\/b><\/font><\/td>\n<td width=\"319\">\n<p>&nbsp;<\/p><\/td><\/tr><\/tbody><\/table>\n<table border=\"1\">\n<tbody>\n<tr>\n<td width=\"319\">\n<p>1804<\/p><\/td>\n<td width=\"319\"><b><font size=\"2\">\u00c9t\u00e9 caniculaire.<\/font><\/b><\/td>\n<td width=\"319\">\n<p>&nbsp;<\/p><\/td><\/tr><\/tbody><\/table>\n<table border=\"1\">\n<tbody>\n<tr>\n<td width=\"319\">\n<p>1805<\/p><\/td>\n<td width=\"319\"><b><font color=\"black\" size=\"2\">En 1805 dans le Midi, l&rsquo;ann\u00e9e a \u00e9t\u00e9 tr\u00e8s s\u00e8che surtout en \u00e9t\u00e9 <br><\/font><\/b><font color=\"black\" size=\"2\"><b>Un \u00e9t\u00e9 caniculaire dans la Vienne<\/b><\/font><b><font color=\"black\" size=\"2\">&nbsp;<\/font><\/b><\/td>\n<td width=\"319\">\n<p>&nbsp;<\/p><\/td><\/tr><\/tbody><\/table>\n<table border=\"1\">\n<tbody>\n<tr>\n<td width=\"319\">\n<p>1806<\/p><\/td>\n<td width=\"319\"><font size=\"2\"><b>En Janvier 1806 il a eu une temp\u00eate violente en France<\/b><\/font><\/td>\n<td width=\"319\">\n<p>&nbsp;<\/p><\/td><\/tr><\/tbody><\/table>\n<table border=\"1\">\n<tbody>\n<tr>\n<td width=\"319\">\n<p>1807<\/p><\/td>\n<td width=\"319\"><font size=\"2\"><b>En mars 1807 la Seine d\u00e9borda de 6,70 m\u00e8tre<br><\/b><\/font><font color=\"black\" size=\"2\"><b>En 1807, il ya une une grande s\u00e9cheresse printani\u00e8re \u00e0 Carcassone<\/b><\/font><\/td>\n<td width=\"319\">\n<p>&nbsp;<\/p><\/td><\/tr><\/tbody><\/table>\n<table border=\"1\">\n<tbody>\n<tr>\n<td width=\"319\">\n<p>1808<\/p><\/td>\n<td width=\"319\"><b><font color=\"black\" size=\"2\">15\/07\/1808 : il a fait terriblement chaud \u00e0 Paris avec 36,20\u00b0C<\/font><\/b><\/td>\n<td width=\"319\">\n<p>&nbsp;<\/p><\/td><\/tr><\/tbody><\/table>\n<table border=\"1\">\n<tbody>\n<tr>\n<td width=\"319\">\n<p>1809<\/p><\/td>\n<td width=\"319\"><b><font color=\"black\" size=\"2\">Cette hiver a \u00e9t\u00e9 exceptionnellement&#8230; doux \u00e0 Paris surtout le mois de f\u00e9vrier qui se classe au 4\u00e8me rang depuis 1757<\/font><font color=\"#ff0000\" size=\"2\"> <\/font><\/b><\/td>\n<td width=\"319\">\n<p>&nbsp;<\/p><\/td><\/tr><\/tbody><\/table>\n<table border=\"1\">\n<tbody>\n<tr>\n<td width=\"319\">\n<p>1810<\/p><\/td>\n<td width=\"319\"><b><font color=\"black\" size=\"2\">Le mois de janvier fut tr\u00e8s sec, pas une goute de pluie et froid \u00e0 Paris -1,50\u00b0C<\/font><\/b><\/td>\n<td width=\"319\">\n<p>&nbsp;<\/p><\/td><\/tr><\/tbody><\/table>\n<table border=\"1\">\n<tbody>\n<tr>\n<td width=\"319\">\n<p>1811<\/p><\/td>\n<td width=\"319\"><font size=\"2\"><b>\u00c9t\u00e9 caniculaire.<\/b><\/font><b><font color=\"black\" size=\"2\"><br>Dans la r\u00e9gion parisienne, l&rsquo;\u00e9t\u00e9, et tout particuli\u00e8rement le mois de septembre, est chaud et sec<\/font><\/b><\/td>\n<td width=\"319\">\n<p>&nbsp;<\/p><\/td><\/tr><\/tbody><\/table>\n<table border=\"1\">\n<tbody>\n<tr>\n<td width=\"319\">\n<p>1812<\/p><\/td>\n<td width=\"319\">\n<p>&nbsp;<\/p><\/td>\n<td width=\"319\">\n<p>&nbsp;<\/p><\/td><\/tr><\/tbody><\/table>\n<table border=\"1\">\n<tbody>\n<tr>\n<td width=\"319\">\n<p>1813<\/p><\/td>\n<td width=\"319\"><font color=\"black\" size=\"2\"><b>Cet hiver fut h\u00e2tif, tr\u00e8s rude et fort long<\/b><\/font><\/td>\n<td width=\"319\">\n<p>&nbsp;<\/p><\/td><\/tr><\/tbody><\/table>\n<table border=\"1\">\n<tbody>\n<tr>\n<td width=\"319\">\n<p>1814<\/p><\/td>\n<td width=\"319\"><font color=\"black\" size=\"2\"><b>L&rsquo;hiver 1813-1814 dit hiver des cosaques<\/b><\/font><\/td>\n<td width=\"319\">\n<p>&nbsp;<\/p><\/td><\/tr><\/tbody><\/table>\n<table border=\"1\">\n<tbody>\n<tr>\n<td width=\"319\">\n<p>1815<\/p><\/td>\n<td width=\"319\">\n<p>&nbsp;<\/p><\/td>\n<td width=\"319\">\n<p>&nbsp;<\/p><\/td><\/tr><\/tbody><\/table>\n<table border=\"1\">\n<tbody>\n<tr>\n<td width=\"319\">\n<p>1816<\/p><\/td>\n<td width=\"319\"><font size=\"2\"><b>l\u2019ann\u00e9e 1816 a \u00e9t\u00e9 catastrophique dans une grande partie de la France et de l\u2019Europe : un hiver long et pluvieux suivi d\u2019un printemps froid auquel succ\u00e8de un \u00e9t\u00e9 qui ne m\u00e9rite pas son nom car il a ete froid et pluvieux<\/b><\/font><\/td>\n<td width=\"319\">\n<p>&nbsp;<\/p><\/td><\/tr><\/tbody><\/table>\n<table border=\"1\">\n<tbody>\n<tr>\n<td width=\"319\">\n<p>1817<\/p><\/td>\n<td width=\"319\"><b><font color=\"black\" size=\"2\">hiver doux en France <br>&nbsp;<\/font><\/b><font color=\"black\" size=\"2\"><b>une longue s\u00e9cheresse hivernale et printani\u00e8re handicape fortement les r\u00e9coltes<\/b><\/font><\/td>\n<td width=\"319\">\n<p>&nbsp;<\/p><\/td><\/tr><\/tbody><\/table>\n<table border=\"1\">\n<tbody>\n<tr>\n<td width=\"319\">\n<p>1818<\/p><\/td>\n<td width=\"319\"><b><font color=\"black\" size=\"2\">\u00c9t\u00e9 caniculaire <br>&nbsp;<\/font><\/b><font color=\"black\" size=\"2\"><b>La s\u00e9cheresse et la chaleur dans la moiti\u00e9 nord de la France commencent vers le milieu de mai et continuent durant tout l&rsquo;\u00e9t\u00e9<\/b><\/font><\/td>\n<td width=\"319\">\n<p>&nbsp;<\/p><\/td><\/tr><\/tbody><\/table>\n<table border=\"1\">\n<tbody>\n<tr>\n<td width=\"319\">\n<p>1819<\/p><\/td>\n<td width=\"319\"><font size=\"2\"><b>\u00c9t\u00e9 caniculaire<br>Hiver glacial.<\/b><\/font><\/td>\n<td width=\"319\">\n<p>&nbsp;<\/p><\/td><\/tr><\/tbody><\/table>\n<table border=\"1\">\n<tbody>\n<tr>\n<td width=\"319\">\n<p>1819-1820<\/p><\/td>\n<td width=\"319\"><font color=\"black\" size=\"2\"><b>P\u00e9riodes de froids intenses au d\u00e9but de d\u00e9cembre 1819<br>&nbsp;<\/b><\/font><font color=\"black\" size=\"2\"><b>11\/01\/1820 : la temp\u00e9rature est descebdu \u00e0 -14,03\u00b0C \u00e0 Paris. La Seine fut enti\u00e8rement prise du 12 au 19\/01\/1820<\/b><\/font><\/td>\n<td width=\"319\">\n<p>&nbsp;<\/p><\/td><\/tr><\/tbody><\/table>\n<table border=\"1\">\n<tbody>\n<tr>\n<td width=\"319\">\n<p>1821-1822<\/p><\/td>\n<td width=\"319\"><font color=\"black\" size=\"2\"><b>1821 : \u00c9t\u00e9 caniculaire<br><\/b><\/font><font color=\"black\" size=\"2\"><b>Dans le sud de la France il y a eu une s\u00e9cheresse qui commenca \u00e0 la fin de l\u2019automne 1821 et dura une grande partie du printemps de 1822. Par suite de la s\u00e9cheresse, qui est d&rsquo;ailleurs g\u00e9n\u00e9rale dans toute l&rsquo;Europe occidentale<\/b><\/font><font color=\"black\" size=\"2\"><b>&nbsp;<\/b><\/font><\/td>\n<td width=\"319\">\n<p>&nbsp;<\/p><\/td><\/tr><\/tbody><\/table>\n<table border=\"1\">\n<tbody>\n<tr>\n<td width=\"319\">\n<p>1822<\/p><\/td>\n<td width=\"319\"><font color=\"black\" size=\"2\"><b>Hiver rigoureux <\/b><\/font><\/td>\n<td width=\"319\">\n<p>&nbsp;<\/p><\/td><\/tr><\/tbody><\/table>\n<table border=\"1\">\n<tbody>\n<tr>\n<td width=\"319\">\n<p>1822-1823<\/p><\/td>\n<td width=\"319\"><font size=\"2\"><b>La Seine fut prise 2 fois, du 30\/12\/1822 au 08\/01\/1823 et du 15 au 29\/01\/1823<\/b><\/font><\/td>\n<td width=\"319\">\n<p>&nbsp;<\/p><\/td><\/tr><\/tbody><\/table>\n<table border=\"1\">\n<tbody>\n<tr>\n<td width=\"319\">\n<p>1824<\/p><\/td>\n<td width=\"319\">\n<p>&nbsp;<\/p><\/td>\n<td width=\"319\">\n<p>&nbsp;<\/p><\/td><\/tr><\/tbody><\/table>\n<table border=\"1\">\n<tbody>\n<tr>\n<td width=\"319\">\n<p>1825<\/p><\/td>\n<td width=\"319\">\n<p><font size=\"2\"><b>1825 : \u00c9t\u00e9 caniculaire<\/b><\/font><\/p><\/td>\n<td width=\"319\">\n<p>&nbsp;<\/p><\/td><\/tr><\/tbody><\/table>\n<table border=\"1\">\n<tbody>\n<tr>\n<td width=\"319\">\n<p>1826<\/p><\/td>\n<td width=\"319\">\n<p><font color=\"black\" size=\"2\"><b>1826 : <\/b><\/font><b><font color=\"black\" size=\"2\">\u00c9t\u00e9 caniculaire <br>&nbsp;<\/font><\/b><font color=\"black\" size=\"2\"><b>Par suite de la chaleur et de la s\u00e9cheresse de l&rsquo;\u00e9t\u00e9, et notamment de juillet, la Seine est plus basse \u00e0 Paris de 10 centim\u00e8tres qu&rsquo;en 1719<\/b><\/font><\/p><\/td>\n<td width=\"319\">\n<p>&nbsp;<\/p><\/td><\/tr><\/tbody><\/table>\n<table border=\"1\">\n<tbody>\n<tr>\n<td width=\"319\">\n<p>1827<\/p><\/td>\n<td width=\"319\">\n<p><font size=\"2\"><b>1827 : <\/b><\/font><b><font size=\"2\">le mois d&rsquo;Octobre 1827 fut tr\u00e8s pluvieux au sud de la France<\/font><\/b><\/p><\/td>\n<td width=\"319\">\n<p>&nbsp;<\/p><\/td><\/tr><\/tbody><\/table>\n<table border=\"1\">\n<tbody>\n<tr>\n<td width=\"319\">\n<p>1828<\/p><\/td>\n<td width=\"319\">\n<p>&nbsp;<\/p><\/td>\n<td width=\"319\">\n<p>&nbsp;<\/p><\/td><\/tr><\/tbody><\/table>\n<table border=\"1\">\n<tbody>\n<tr>\n<td width=\"319\">\n<p>1829<\/p><\/td>\n<td width=\"319\"><b>Hiver glacial<\/b><\/td>\n<td width=\"319\">\n<p>&nbsp;<\/p><\/td><\/tr><\/tbody><\/table>\n<table border=\"1\">\n<tbody>\n<tr>\n<td width=\"319\">\n<p>1829-1830<\/p><\/td>\n<td width=\"319\"><font color=\"black\" size=\"2\"><b>L\u2019hiver 1829-1830 a \u00e9t\u00e9 l\u2019un des plus froids de ce si\u00e8cle.<br><\/b><\/font><font color=\"black\" size=\"2\"><b>Il d\u00e9buta d\u00e8s la mi-novembre dans toute l&rsquo;Europe et se prolongea jusqu&rsquo;\u00e0 la fin de f\u00e9vrier, marqu\u00e9, m\u00eame en Languedoc et Provence, par d&rsquo;abondantes chutes de neige<\/b><\/font><\/td>\n<td width=\"319\">\n<p>&nbsp;<\/p><\/td><\/tr><\/tbody><\/table>\n<table border=\"1\">\n<tbody>\n<tr>\n<td width=\"319\">\n<p>1829-1830<\/p><\/td>\n<td width=\"319\"><font size=\"2\"><b>En g\u00e9n\u00e9ral cet hiver a \u00e9t\u00e9 plus pluvieux que froid<\/b><\/font><font color=\"black\" size=\"2\"><b><br>A Narbonne il a gel\u00e9 presque sans interruption du 26\/12\/1829 au 17\/01\/1830. <br><\/b><\/font><font color=\"black\" size=\"2\"><b>17\/01\/1830<\/b><\/font><font color=\"black\" size=\"2\"><b> : -17,20\u00b0C \u00e0 Paris, -15\u00b0C \u00e0 Toulouse, -19,80\u00b0C \u00e0 Dieppe, -23,40\u00b0C \u00e0 Strasbourg, -26,30\u00b0C \u00e0 Nancy et -28,10\u00b0C \u00e0 Mulhouse<\/b><\/font><\/td>\n<td width=\"319\">\n<p>&nbsp;<font size=\"2\"><b>L&rsquo;\u00e9pid\u00e9mie de grippe s&rsquo;\u00e9tendit en France d&rsquo;est en ouest au printemps 1831<\/b><\/font><\/p><\/td><\/tr><\/tbody><\/table>\n<table border=\"1\">\n<tbody>\n<tr>\n<td width=\"319\">\n<p>1831-1832<\/p><\/td>\n<td width=\"319\">\n<p>&nbsp;<\/p><\/td>\n<td width=\"319\">\n<p><font size=\"2\"><b>&nbsp;En automne\/hiver 1832 : Epid\u00e9mie de grippe<br>Mars et avril &#8211; \u00c9pid\u00e9mie de chol\u00e9ra \u00e0 Paris<\/b><\/font><\/p><\/td><\/tr><\/tbody><\/table>\n<table border=\"1\">\n<tbody>\n<tr>\n<td width=\"319\">\n<p>1832-1833<\/p><\/td>\n<td width=\"319\"><b><font color=\"black\" size=\"2\">Un hivers doux et pluvieux, de novembre 1832 \u00e0 avril 1833 on note des pluies presque continuelles <\/font><\/b><\/td>\n<td width=\"319\">\n<p><font size=\"2\"><b>&nbsp;Epid\u00e9mie de grippe au printemps 1833.<br>\u00c9pid\u00e9mie de chol\u00e9ra<\/b><\/font><\/p><\/td><\/tr><\/tbody><\/table>\n<table border=\"1\">\n<tbody>\n<tr>\n<td width=\"319\">\n<p>1833-1834<\/p><\/td>\n<td width=\"319\">\n<p><font size=\"2\"><b>1833 : <\/b><\/font><b><font size=\"2\">Ce printemps a \u00e9t\u00e9 tr\u00e9s sec<br>&nbsp;<\/font><\/b><font size=\"2\"><b>26 et 27\/08\/1834 : La crue du Furan et de la Loire ont d\u00e9truis trois ponts de chemin de fer, interrompant le service pendant plusieurs jours<\/b><\/font><\/p><\/td>\n<td width=\"319\">\n<p>&nbsp;<font size=\"2\"><b>1834 : \u00c9pid\u00e9mie de chol\u00e9ra.<\/b><\/font><\/p><\/td><\/tr><\/tbody><\/table>\n<table border=\"1\">\n<tbody>\n<tr>\n<td width=\"319\">\n<p>1835<\/p><\/td>\n<td width=\"319\"><font color=\"black\" size=\"2\"><b>L&rsquo;hiver a \u00e9t\u00e9 assez doux en Europe<br>1835 : <\/b><\/font><b><font color=\"black\" size=\"2\">\u00c9t\u00e9 caniculaire<\/font><\/b><\/td>\n<td width=\"319\">\n<p>&nbsp;<b><font size=\"2\">1835 : \u00c9pid\u00e9mie de chol\u00e9ra.<\/font><\/b><\/p><\/td><\/tr><\/tbody><\/table>\n<table border=\"1\">\n<tbody>\n<tr>\n<td width=\"319\">\n<p>1836<\/p><\/td>\n<td width=\"319\"><font color=\"black\" size=\"2\"><b>Hiver tr\u00e8s froid <br>1836 : <\/b><\/font><font color=\"black\" size=\"2\"><b>Innondation presque g\u00e9n\u00e9rale vers la mi-mai dans une grande partie de la France<\/b><\/font><\/td>\n<td width=\"319\">\n<p><b><font size=\"2\">&nbsp;1836 : \u00c9pid\u00e9mie de chol\u00e9ra.<\/font><\/b><\/p><\/td><\/tr><\/tbody><\/table>\n<table border=\"1\">\n<tbody>\n<tr>\n<td width=\"319\">\n<p>1837<\/p><\/td>\n<td width=\"319\"><font size=\"2\"><b>Hiver glacial<\/b><\/font><\/td>\n<td width=\"319\">\n<p>&nbsp;<b><font size=\"2\">1837 : \u00c9pid\u00e9mie de chol\u00e9ra.<\/font><\/b><\/p><\/td><\/tr><\/tbody><\/table>\n<table border=\"1\">\n<tbody>\n<tr>\n<td width=\"319\">\n<p>1838<\/p><\/td>\n<td width=\"319\"><b><font color=\"black\" size=\"2\">Hiver tres doux jusqu&rsquo;au 8 janvier et qui devient rigoureux en France mais seulement \u00e0 partir de la mi-janvier<\/font><\/b><\/td>\n<td width=\"319\">\n<p>&nbsp;<\/p><\/td><\/tr><\/tbody><\/table>\n<table border=\"1\">\n<tbody>\n<tr>\n<td width=\"319\">\n<p>1839<\/p><\/td>\n<td width=\"319\">\n<p>&nbsp;<\/p><\/td>\n<td width=\"319\">\n<p>&nbsp;<\/p><\/td><\/tr><\/tbody><\/table>\n<table border=\"1\">\n<tbody>\n<tr>\n<td width=\"319\">\n<p>1840<\/p><\/td>\n<td width=\"319\"><font size=\"2\"><b>1840 : Hiver glacial<\/b><\/font><\/td>\n<td width=\"319\">\n<p>&nbsp;<\/p><\/td><\/tr><\/tbody><\/table>\n<table border=\"1\">\n<tbody>\n<tr>\n<td width=\"319\">\n<p>1841<\/p><\/td>\n<td width=\"319\">\n<p><font size=\"2\"><b>Dans la Somme il y a une inondation catastrophique en 1841<br>1841 : \u00c9t\u00e9 caniculaire<\/b><\/font><\/p><\/td>\n<td width=\"319\">\n<p>&nbsp;<\/p><\/td><\/tr><\/tbody><\/table>\n<table border=\"1\">\n<tbody>\n<tr>\n<td width=\"319\">\n<p>1842<\/p><\/td>\n<td width=\"319\"><b><font color=\"black\" size=\"2\">Le 18\/08\/1842 : on observe \u00e0 Paris une temp\u00e9rature de 37,20\u00b0C ; le total des pluies de cette ann\u00e9e (402 mm) est un des plus faibles connus ; aussi le niveau de la Seine est-il plus bas de 18 centim\u00e8tres qu&rsquo;en 1719. Dans le Loiret, o\u00f9 aucune pluie appr\u00e9ciable ne tombe de la fin de mars au 15 septembre, les paysans d\u00e9clarent n&rsquo;avoir pas vu une semblable s\u00e9cheresse depuis 1793.<\/font><\/b><\/td>\n<td width=\"319\">\n<p>&nbsp;<\/p><\/td><\/tr><\/tbody><\/table>\n<table border=\"1\">\n<tbody>\n<tr>\n<td width=\"319\">\n<p>1843<\/p><\/td>\n<td width=\"319\"><b><font size=\"2\">Du 29\/10\/1843 jusqu&rsquo;au 2\/10\/1843 la pluie n&rsquo;a cess\u00e9 de tomber sur N\u00eemes avec une continuit\u00e9 et une violence inou\u00efes<\/font><\/b><\/td>\n<td width=\"319\">\n<p>&nbsp;<\/p><\/td><\/tr><\/tbody><\/table>\n<table border=\"1\">\n<tbody>\n<tr>\n<td width=\"319\">\n<p>1844<font size=\"5\"><font style=\"BACKGROUND-COLOR: #ffffff\"><\/font><\/font><\/p><\/td>\n<td width=\"319\">\n<p>&nbsp;<\/p><\/td>\n<td width=\"319\">\n<p>&nbsp;<\/p><\/td><\/tr><\/tbody><\/table>\n<table border=\"1\">\n<tbody>\n<tr>\n<td width=\"319\">\n<p><font size=\"5\">1845<\/font><\/p><\/td>\n<td width=\"319\"><b><font size=\"2\">Hiver glacial<\/font><\/b><\/td>\n<td width=\"319\">\n<p>&nbsp;<\/p><\/td><\/tr><\/tbody><\/table>\n<table border=\"1\">\n<tbody>\n<tr>\n<td width=\"319\">\n<p><font size=\"5\">1846<\/font><\/p><\/td>\n<td width=\"319\">\n<p><b><font size=\"2\">1846 \u00c9t\u00e9 caniculaire<\/font><\/b><\/p><\/td>\n<td width=\"319\">\n<p>&nbsp;<\/p><\/td><\/tr><\/tbody><\/table>\n<table border=\"1\">\n<tbody>\n<tr>\n<td width=\"319\">\n<p><font size=\"5\">1846-1847<\/font><\/p><\/td>\n<td width=\"319\">\n<p><font size=\"2\"><b>17\/10\/1846 : Inondation de la Loire, se qui a caus\u00e9 beaucoup de morts, notamment \u00e0 Feurs. De nombreuses maisons ont \u00e9t\u00e9 d\u00e9truites \u00e0 Roanne et Balbigny. A Saint Just, le pont suspendu est emport\u00e9 par les eaux, \u00e0 Saint Rambert, tous les bateaux en construction sont d\u00e9truits.<\/b><\/font><\/p><\/td>\n<td width=\"319\">\n<p>&nbsp;<\/p><\/td><\/tr><\/tbody><\/table>\n<table border=\"1\">\n<tbody>\n<tr>\n<td width=\"319\">\n<p><font size=\"5\">1847<\/font><\/p><\/td>\n<td width=\"319\"><font color=\"black\" size=\"2\"><b>1847 : hiver tr\u00e8s rigoureux<\/b><\/font><\/td>\n<td width=\"319\">\n<p>&nbsp;<\/p><\/td><\/tr><\/tbody><\/table>\n<p>&nbsp;<\/p>\n<p>&nbsp;<\/p>\n<p>&nbsp;<\/p>\n<p><span style=\"FONT-SIZE: 16pt\"><br><br>progression de la peste<\/span><\/p>\n<ul>\n<li><b>De 1600 \u00e0 1616, on estime les victimes \u00e0 360 000 <\/b>\n<\/li><li><b>De 1626 \u00e0 1632 on estime les victimes \u00e0 950 000 <\/b>\n<\/li><li><b>De 1633 \u00e0 1642 on estime les victimes \u00e0 600 000 <\/b>\n<\/li><li><b>De 1644 \u00e0 1657 on estime les victimes \u00e0 270 000 <\/b>\n<\/li><li><b>De 1666 \u00e0 1670 on estime les victimes \u00e0 110 000 <\/b>\n<\/li><li><b>En 1720, l&rsquo;\u00e9pid\u00e9mie contenu dans le sud est de la France fait 120 000 victimes dont 50 000 victimes rien qu&rsquo;\u00e0 Marseille<\/b><\/li><\/ul>\n\n<\/td><\/tr><\/tbody><\/table><\/div>\n","protected":false},"excerpt":{"rendered":"<p>&nbsp; Epid\u00e9mies et famines en France &nbsp; &nbsp;XVI \u00e8me si\u00e8cle 1500 \u00e0 1509 &nbsp;1507-1508 : hiver rigoureux dans le Midi.1504 -1504 : Cet \u00e9t\u00e9 a \u00e9t\u00e9 chaud et sec 1504 &#8211; 1505 : Hiver tr\u00e8s doux tout l&rsquo;hiver : la rose fleurit en 01\/1505 1506 &#8211; 1507 : Hiver tr\u00e8s vigoureux &nbsp;1500 et 1501 : &hellip;<\/p>\n<p class=\"read-more\"> <a class=\"\" href=\"http:\/\/skrav.fr\/angenea-wp\/climat-et-epidemies\/\"> <span class=\"screen-reader-text\">Climat et \u00e9pid\u00e9mies<\/span> Lire la suite\u00a0\u00bb<\/a><\/p>\n","protected":false},"author":1,"featured_media":0,"parent":0,"menu_order":0,"comment_status":"closed","ping_status":"closed","template":"","meta":{"_uag_custom_page_level_css":"","site-sidebar-layout":"default","site-content-layout":"","ast-site-content-layout":"default","site-content-style":"default","site-sidebar-style":"default","ast-global-header-display":"","ast-banner-title-visibility":"","ast-main-header-display":"","ast-hfb-above-header-display":"","ast-hfb-below-header-display":"","ast-hfb-mobile-header-display":"","site-post-title":"","ast-breadcrumbs-content":"","ast-featured-img":"","footer-sml-layout":"","theme-transparent-header-meta":"","adv-header-id-meta":"","stick-header-meta":"","header-above-stick-meta":"","header-main-stick-meta":"","header-below-stick-meta":"","astra-migrate-meta-layouts":"set","ast-page-background-enabled":"default","ast-page-background-meta":{"desktop":{"background-color":"var(--ast-global-color-4)","background-image":"","background-repeat":"repeat","background-position":"center center","background-size":"auto","background-attachment":"scroll","background-type":"","background-media":"","overlay-type":"","overlay-color":"","overlay-gradient":""},"tablet":{"background-color":"","background-image":"","background-repeat":"repeat","background-position":"center center","background-size":"auto","background-attachment":"scroll","background-type":"","background-media":"","overlay-type":"","overlay-color":"","overlay-gradient":""},"mobile":{"background-color":"","background-image":"","background-repeat":"repeat","background-position":"center center","background-size":"auto","background-attachment":"scroll","background-type":"","background-media":"","overlay-type":"","overlay-color":"","overlay-gradient":""}},"ast-content-background-meta":{"desktop":{"background-color":"var(--ast-global-color-5)","background-image":"","background-repeat":"repeat","background-position":"center center","background-size":"auto","background-attachment":"scroll","background-type":"","background-media":"","overlay-type":"","overlay-color":"","overlay-gradient":""},"tablet":{"background-color":"var(--ast-global-color-5)","background-image":"","background-repeat":"repeat","background-position":"center center","background-size":"auto","background-attachment":"scroll","background-type":"","background-media":"","overlay-type":"","overlay-color":"","overlay-gradient":""},"mobile":{"background-color":"var(--ast-global-color-5)","background-image":"","background-repeat":"repeat","background-position":"center center","background-size":"auto","background-attachment":"scroll","background-type":"","background-media":"","overlay-type":"","overlay-color":"","overlay-gradient":""}},"footnotes":""},"class_list":["post-318","page","type-page","status-publish","hentry"],"uagb_featured_image_src":{"full":false,"thumbnail":false,"medium":false,"medium_large":false,"large":false,"1536x1536":false,"2048x2048":false},"uagb_author_info":{"display_name":"angenea","author_link":"http:\/\/skrav.fr\/angenea-wp\/author\/angenea\/"},"uagb_comment_info":0,"uagb_excerpt":"&nbsp; Epid\u00e9mies et famines en France &nbsp; &nbsp;XVI \u00e8me si\u00e8cle 1500 \u00e0 1509 &nbsp;1507-1508 : hiver rigoureux dans le Midi.1504 -1504 : Cet \u00e9t\u00e9 a \u00e9t\u00e9 chaud et sec 1504 &#8211; 1505 : Hiver tr\u00e8s doux tout l&rsquo;hiver : la rose fleurit en 01\/1505 1506 &#8211; 1507 : Hiver tr\u00e8s vigoureux &nbsp;1500 et 1501 :\u2026","_links":{"self":[{"href":"http:\/\/skrav.fr\/angenea-wp\/wp-json\/wp\/v2\/pages\/318","targetHints":{"allow":["GET"]}}],"collection":[{"href":"http:\/\/skrav.fr\/angenea-wp\/wp-json\/wp\/v2\/pages"}],"about":[{"href":"http:\/\/skrav.fr\/angenea-wp\/wp-json\/wp\/v2\/types\/page"}],"author":[{"embeddable":true,"href":"http:\/\/skrav.fr\/angenea-wp\/wp-json\/wp\/v2\/users\/1"}],"replies":[{"embeddable":true,"href":"http:\/\/skrav.fr\/angenea-wp\/wp-json\/wp\/v2\/comments?post=318"}],"version-history":[{"count":8,"href":"http:\/\/skrav.fr\/angenea-wp\/wp-json\/wp\/v2\/pages\/318\/revisions"}],"predecessor-version":[{"id":489,"href":"http:\/\/skrav.fr\/angenea-wp\/wp-json\/wp\/v2\/pages\/318\/revisions\/489"}],"wp:attachment":[{"href":"http:\/\/skrav.fr\/angenea-wp\/wp-json\/wp\/v2\/media?parent=318"}],"curies":[{"name":"wp","href":"https:\/\/api.w.org\/{rel}","templated":true}]}}